{"id":876,"date":"2022-04-05T06:24:11","date_gmt":"2022-04-05T06:24:11","guid":{"rendered":"https:\/\/dataum.info\/enfoque_territorial\/?page_id=876"},"modified":"2022-04-05T10:07:12","modified_gmt":"2022-04-05T10:07:12","slug":"blog-2","status":"publish","type":"page","link":"https:\/\/dataum.info\/enfoque_territorial\/blog-2\/","title":{"rendered":"Sobre el enfoque territorial"},"content":{"rendered":"\n<h2 class=\"has-ast-global-color-0-color has-ast-global-color-5-background-color has-text-color has-background wp-block-heading\" id=\"blog-sobre-el-enfoque-territorial\">&#8230;<\/h2>\n\n\n\n<blockquote class=\"wp-block-quote is-layout-flow wp-block-quote-is-layout-flow\"><p>Este blog est\u00e1 centrado en los avances conceptuales e instrumentales sobre el enfoque territorial, en el marco del desarrollo sostenible y de las pol\u00edticas p\u00fablicas, con \u00e9nfasis en el desarrollo regional, territorial y rural. Cuenta con un conjunto de art\u00edculos preparados por los grupos t\u00e9cnicos de los socios de DATAUM, pero recoger\u00e1 contribuciones de otros investigadores y l\u00edderes t\u00e9cnicos, pol\u00edticos o sociales.<\/p><\/blockquote>\n\n\n\n<h3 class=\"has-ast-global-color-5-color has-ast-global-color-0-background-color has-text-color has-background wp-block-heading\" id=\"calidad-de-vida\">Desarrollo sostenible y territorio<\/h3>\n\n\n\n\t\t\t<div class=\"uagb-post-grid  uagb-post__image-position-top uagb-block-86cd5b24    uagb-post__arrow-outside uagb-slick-carousel\" data-total=\"2\">\n\n\t\t\t\t<div class=\"uagb-post__items uagb-post__columns-4 is-carousel uagb-post__columns-tablet-2 uagb-post__columns-mobile-1\">\n\n\t\t\t\t\t\t\t\t<article >\n\t\t\t\t\t\t\t\t\t\t<div class=\"uagb-post__inner-wrap\">\n\t\t\t\t\t\t\t\t\t\t\t\t\t\t\t<div class='uagb-post__image'>\n\t\t\t\t<a href=\"https:\/\/dataum.info\/enfoque_territorial\/los-6-atributos-claves-de-la-ley-de-desarrollo-rural-con-enfoque-territorial-de-mexico\/\" target=\"_self\" rel=\"bookmark noopener noreferrer\"><img loading=\"lazy\" decoding=\"async\" width=\"300\" height=\"173\" src=\"https:\/\/dataum.info\/enfoque_territorial\/wp-content\/uploads\/2022\/02\/LDRS-C-300x173.jpg\" class=\"attachment-medium size-medium\" alt=\"\" srcset=\"https:\/\/dataum.info\/enfoque_territorial\/wp-content\/uploads\/2022\/02\/LDRS-C-300x173.jpg 300w, https:\/\/dataum.info\/enfoque_territorial\/wp-content\/uploads\/2022\/02\/LDRS-C.jpg 600w\" sizes=\"auto, (max-width: 300px) 100vw, 300px\" \/>\t\t\t\t<\/a>\n\t\t\t<\/div>\n\t\t\t\t\t\t<div class='uagb-post__text'> \n\t\t\t\t<h5 class=\"uagb-post__title\">\n\t\t\t\t\t<a href=\"https:\/\/dataum.info\/enfoque_territorial\/los-6-atributos-claves-de-la-ley-de-desarrollo-rural-con-enfoque-territorial-de-mexico\/\" target=\"_self\" rel=\"bookmark noopener noreferrer\">Los 6 atributos claves de la ley de desarrollo rural con enfoque territorial de M\u00e9xico<\/a>\n\t\t\t\t<\/h5>\n\t\t\t<\/div>\n\t\t\t\t\t\t<div class='uagb-post__text'> \n\t\t\t<div class=\"uagb-post-grid-byline\">\n\t\t\t\t\t\t\t\t<span class=\"uagb-post__author\">\n\t\t\t\t\t<span class=\"dashicons-admin-users dashicons\"><\/span>\n\t\t\t\t\t<a href=\"https:\/\/dataum.info\/enfoque_territorial\/author\/admin\/\" title=\"Entradas de Rafael Echeverri Perico - Director cient\u00edfico DATAUM\" rel=\"author\">Rafael Echeverri Perico &#8211; Director cient\u00edfico DATAUM<\/a>\t\t\t\t<\/span>\n\t\t\t\t\t\t<\/div>\n\t\t\t<\/div>\n\t\t\t\t\t\t\t<div class='uagb-post__text'> \n\t\t\t\t\t<div class=\"uagb-post__excerpt\">\n\t\t\t\t\t\tLa Ley de Desarrollo Rural Sustentable de 2001 es un referente de la aplicaci\u00f3n del enfoque territorial por razones como estas, IICA, 2006\t\t\t\t\t<\/div>\n\t\t\t<\/div>\n\t\t\t\t\t\t\t\t<\/div>\n\t\t\t\t\t\t\t\t\t<\/article>\n\t\t\t\t\t\t\t\t<article >\n\t\t\t\t\t\t\t\t\t\t<div class=\"uagb-post__inner-wrap\">\n\t\t\t\t\t\t\t\t\t\t\t\t\t\t\t<div class='uagb-post__image'>\n\t\t\t\t<a href=\"https:\/\/dataum.info\/enfoque_territorial\/precisiones-al-enfoque-territorial\/\" target=\"_self\" rel=\"bookmark noopener noreferrer\"><img loading=\"lazy\" decoding=\"async\" width=\"300\" height=\"188\" src=\"https:\/\/dataum.info\/enfoque_territorial\/wp-content\/uploads\/2022\/02\/dualidada-C-1-300x188.jpg\" class=\"attachment-medium size-medium\" alt=\"\" srcset=\"https:\/\/dataum.info\/enfoque_territorial\/wp-content\/uploads\/2022\/02\/dualidada-C-1-300x188.jpg 300w, https:\/\/dataum.info\/enfoque_territorial\/wp-content\/uploads\/2022\/02\/dualidada-C-1.jpg 600w\" sizes=\"auto, (max-width: 300px) 100vw, 300px\" \/>\t\t\t\t<\/a>\n\t\t\t<\/div>\n\t\t\t\t\t\t<div class='uagb-post__text'> \n\t\t\t\t<h5 class=\"uagb-post__title\">\n\t\t\t\t\t<a href=\"https:\/\/dataum.info\/enfoque_territorial\/precisiones-al-enfoque-territorial\/\" target=\"_self\" rel=\"bookmark noopener noreferrer\">Precisiones al enfoque territorial<\/a>\n\t\t\t\t<\/h5>\n\t\t\t<\/div>\n\t\t\t\t\t\t<div class='uagb-post__text'> \n\t\t\t<div class=\"uagb-post-grid-byline\">\n\t\t\t\t\t\t\t\t<span class=\"uagb-post__author\">\n\t\t\t\t\t<span class=\"dashicons-admin-users dashicons\"><\/span>\n\t\t\t\t\t<a href=\"https:\/\/dataum.info\/enfoque_territorial\/author\/admin\/\" title=\"Entradas de Rafael Echeverri Perico - Director cient\u00edfico DATAUM\" rel=\"author\">Rafael Echeverri Perico &#8211; Director cient\u00edfico DATAUM<\/a>\t\t\t\t<\/span>\n\t\t\t\t\t\t<\/div>\n\t\t\t<\/div>\n\t\t\t\t\t\t\t<div class='uagb-post__text'> \n\t\t\t\t\t<div class=\"uagb-post__excerpt\">\n\t\t\t\t\t\tDiversas dualidades conceptuales gravitan en torno al enfoque territorial, las cuales deben ser cuidadosamente abordadas \/ Proterritorios, IICA, 2009\t\t\t\t\t<\/div>\n\t\t\t<\/div>\n\t\t\t\t\t\t\t\t<\/div>\n\t\t\t\t\t\t\t\t\t<\/article>\n\t\t\t\t\t\t\t\t<article >\n\t\t\t\t\t\t\t\t\t\t<div class=\"uagb-post__inner-wrap\">\n\t\t\t\t\t\t\t\t\t\t\t\t\t\t\t<div class='uagb-post__image'>\n\t\t\t\t<a href=\"https:\/\/dataum.info\/enfoque_territorial\/el-enfoque-territorial-impone-una-vision-de-largo-plazo\/\" target=\"_self\" rel=\"bookmark noopener noreferrer\"><img loading=\"lazy\" decoding=\"async\" width=\"300\" height=\"199\" src=\"https:\/\/dataum.info\/enfoque_territorial\/wp-content\/uploads\/2022\/02\/futuro-enfoque-territorial-C-300x199.jpg\" class=\"attachment-medium size-medium\" alt=\"\" srcset=\"https:\/\/dataum.info\/enfoque_territorial\/wp-content\/uploads\/2022\/02\/futuro-enfoque-territorial-C-300x199.jpg 300w, https:\/\/dataum.info\/enfoque_territorial\/wp-content\/uploads\/2022\/02\/futuro-enfoque-territorial-C.jpg 600w\" sizes=\"auto, (max-width: 300px) 100vw, 300px\" \/>\t\t\t\t<\/a>\n\t\t\t<\/div>\n\t\t\t\t\t\t<div class='uagb-post__text'> \n\t\t\t\t<h5 class=\"uagb-post__title\">\n\t\t\t\t\t<a href=\"https:\/\/dataum.info\/enfoque_territorial\/el-enfoque-territorial-impone-una-vision-de-largo-plazo\/\" target=\"_self\" rel=\"bookmark noopener noreferrer\">El enfoque territorial impone una visi\u00f3n de largo plazo<\/a>\n\t\t\t\t<\/h5>\n\t\t\t<\/div>\n\t\t\t\t\t\t<div class='uagb-post__text'> \n\t\t\t<div class=\"uagb-post-grid-byline\">\n\t\t\t\t\t\t\t\t<span class=\"uagb-post__author\">\n\t\t\t\t\t<span class=\"dashicons-admin-users dashicons\"><\/span>\n\t\t\t\t\t<a href=\"https:\/\/dataum.info\/enfoque_territorial\/author\/admin\/\" title=\"Entradas de Rafael Echeverri Perico - Director cient\u00edfico DATAUM\" rel=\"author\">Rafael Echeverri Perico &#8211; Director cient\u00edfico DATAUM<\/a>\t\t\t\t<\/span>\n\t\t\t\t\t\t<\/div>\n\t\t\t<\/div>\n\t\t\t\t\t\t\t<div class='uagb-post__text'> \n\t\t\t\t\t<div class=\"uagb-post__excerpt\">\n\t\t\t\t\t\tEl enfoque territorial impulsa la definici\u00f3n de un modelo de futuro, un proyecto de sociedad que se realiza en el territorio \/ IICA, Proterritorio, 2013\t\t\t\t\t<\/div>\n\t\t\t<\/div>\n\t\t\t\t\t\t\t\t<\/div>\n\t\t\t\t\t\t\t\t\t<\/article>\n\t\t\t\t\t\t\t\t<article >\n\t\t\t\t\t\t\t\t\t\t<div class=\"uagb-post__inner-wrap\">\n\t\t\t\t\t\t\t\t\t\t\t\t\t\t\t<div class='uagb-post__image'>\n\t\t\t\t<a href=\"https:\/\/dataum.info\/enfoque_territorial\/el-enfoque-territorial-incorpora-integralmente-lo-rural\/\" target=\"_self\" rel=\"bookmark noopener noreferrer\"><img loading=\"lazy\" decoding=\"async\" width=\"300\" height=\"200\" src=\"https:\/\/dataum.info\/enfoque_territorial\/wp-content\/uploads\/2022\/02\/pueblo-en-litoral-C-300x200.jpg\" class=\"attachment-medium size-medium\" alt=\"\" srcset=\"https:\/\/dataum.info\/enfoque_territorial\/wp-content\/uploads\/2022\/02\/pueblo-en-litoral-C-300x200.jpg 300w, https:\/\/dataum.info\/enfoque_territorial\/wp-content\/uploads\/2022\/02\/pueblo-en-litoral-C.jpg 600w\" sizes=\"auto, (max-width: 300px) 100vw, 300px\" \/>\t\t\t\t<\/a>\n\t\t\t<\/div>\n\t\t\t\t\t\t<div class='uagb-post__text'> \n\t\t\t\t<h5 class=\"uagb-post__title\">\n\t\t\t\t\t<a href=\"https:\/\/dataum.info\/enfoque_territorial\/el-enfoque-territorial-incorpora-integralmente-lo-rural\/\" target=\"_self\" rel=\"bookmark noopener noreferrer\">El enfoque territorial incorpora integralmente lo rural<\/a>\n\t\t\t\t<\/h5>\n\t\t\t<\/div>\n\t\t\t\t\t\t<div class='uagb-post__text'> \n\t\t\t<div class=\"uagb-post-grid-byline\">\n\t\t\t\t\t\t\t\t<span class=\"uagb-post__author\">\n\t\t\t\t\t<span class=\"dashicons-admin-users dashicons\"><\/span>\n\t\t\t\t\t<a href=\"https:\/\/dataum.info\/enfoque_territorial\/author\/admin\/\" title=\"Entradas de Rafael Echeverri Perico - Director cient\u00edfico DATAUM\" rel=\"author\">Rafael Echeverri Perico &#8211; Director cient\u00edfico DATAUM<\/a>\t\t\t\t<\/span>\n\t\t\t\t\t\t<\/div>\n\t\t\t<\/div>\n\t\t\t\t\t\t\t<div class='uagb-post__text'> \n\t\t\t\t\t<div class=\"uagb-post__excerpt\">\n\t\t\t\t\t\tLa definici\u00f3n distinci\u00f3n entre lo urbano y lo rural ha conducido a una falsa dicotom\u00eda que es abordada adecuadamente por el enfoque territorial, CEPAL, IICA, Proterritorios, 2012\t\t\t\t\t<\/div>\n\t\t\t<\/div>\n\t\t\t\t\t\t\t\t<\/div>\n\t\t\t\t\t\t\t\t\t<\/article>\n\t\t\t\t\t\t\t\t<article >\n\t\t\t\t\t\t\t\t\t\t<div class=\"uagb-post__inner-wrap\">\n\t\t\t\t\t\t\t\t\t\t\t\t\t\t\t<div class='uagb-post__image'>\n\t\t\t\t<a href=\"https:\/\/dataum.info\/enfoque_territorial\/importancia-de-los-territorios-rurales\/\" target=\"_self\" rel=\"bookmark noopener noreferrer\"><img loading=\"lazy\" decoding=\"async\" width=\"300\" height=\"200\" src=\"https:\/\/dataum.info\/enfoque_territorial\/wp-content\/uploads\/2022\/02\/cultivo-3-C-300x200.jpg\" class=\"attachment-medium size-medium\" alt=\"\" srcset=\"https:\/\/dataum.info\/enfoque_territorial\/wp-content\/uploads\/2022\/02\/cultivo-3-C-300x200.jpg 300w, https:\/\/dataum.info\/enfoque_territorial\/wp-content\/uploads\/2022\/02\/cultivo-3-C.jpg 600w\" sizes=\"auto, (max-width: 300px) 100vw, 300px\" \/>\t\t\t\t<\/a>\n\t\t\t<\/div>\n\t\t\t\t\t\t<div class='uagb-post__text'> \n\t\t\t\t<h5 class=\"uagb-post__title\">\n\t\t\t\t\t<a href=\"https:\/\/dataum.info\/enfoque_territorial\/importancia-de-los-territorios-rurales\/\" target=\"_self\" rel=\"bookmark noopener noreferrer\">Importancia de los territorios rurales<\/a>\n\t\t\t\t<\/h5>\n\t\t\t<\/div>\n\t\t\t\t\t\t<div class='uagb-post__text'> \n\t\t\t<div class=\"uagb-post-grid-byline\">\n\t\t\t\t\t\t\t\t<span class=\"uagb-post__author\">\n\t\t\t\t\t<span class=\"dashicons-admin-users dashicons\"><\/span>\n\t\t\t\t\t<a href=\"https:\/\/dataum.info\/enfoque_territorial\/author\/admin\/\" title=\"Entradas de Rafael Echeverri Perico - Director cient\u00edfico DATAUM\" rel=\"author\">Rafael Echeverri Perico &#8211; Director cient\u00edfico DATAUM<\/a>\t\t\t\t<\/span>\n\t\t\t\t\t\t<\/div>\n\t\t\t<\/div>\n\t\t\t\t\t\t\t<div class='uagb-post__text'> \n\t\t\t\t\t<div class=\"uagb-post__excerpt\">\n\t\t\t\t\t\tFactores que determinan el peso y contribuci\u00f3n de los territorios rurales al desarrollo de la naci\u00f3n \/ Proterritorios, 2002\t\t\t\t\t<\/div>\n\t\t\t<\/div>\n\t\t\t\t\t\t\t\t<\/div>\n\t\t\t\t\t\t\t\t\t<\/article>\n\t\t\t\t\t\t\t\t<article >\n\t\t\t\t\t\t\t\t\t\t<div class=\"uagb-post__inner-wrap\">\n\t\t\t\t\t\t\t\t\t\t\t\t\t\t\t<div class='uagb-post__image'>\n\t\t\t\t<a href=\"https:\/\/dataum.info\/enfoque_territorial\/mitos-sobre-los-territorios-rurales-de-colombia\/\" target=\"_self\" rel=\"bookmark noopener noreferrer\"><img loading=\"lazy\" decoding=\"async\" width=\"300\" height=\"185\" src=\"https:\/\/dataum.info\/enfoque_territorial\/wp-content\/uploads\/2022\/02\/cultivos-2-C-2-300x185.jpg\" class=\"attachment-medium size-medium\" alt=\"\" srcset=\"https:\/\/dataum.info\/enfoque_territorial\/wp-content\/uploads\/2022\/02\/cultivos-2-C-2-300x185.jpg 300w, https:\/\/dataum.info\/enfoque_territorial\/wp-content\/uploads\/2022\/02\/cultivos-2-C-2.jpg 600w\" sizes=\"auto, (max-width: 300px) 100vw, 300px\" \/>\t\t\t\t<\/a>\n\t\t\t<\/div>\n\t\t\t\t\t\t<div class='uagb-post__text'> \n\t\t\t\t<h5 class=\"uagb-post__title\">\n\t\t\t\t\t<a href=\"https:\/\/dataum.info\/enfoque_territorial\/mitos-sobre-los-territorios-rurales-de-colombia\/\" target=\"_self\" rel=\"bookmark noopener noreferrer\">19 mitos sobre los territorios rurales de Colombia<\/a>\n\t\t\t\t<\/h5>\n\t\t\t<\/div>\n\t\t\t\t\t\t<div class='uagb-post__text'> \n\t\t\t<div class=\"uagb-post-grid-byline\">\n\t\t\t\t\t\t\t\t<span class=\"uagb-post__author\">\n\t\t\t\t\t<span class=\"dashicons-admin-users dashicons\"><\/span>\n\t\t\t\t\t<a href=\"https:\/\/dataum.info\/enfoque_territorial\/author\/admin\/\" title=\"Entradas de Rafael Echeverri Perico - Director cient\u00edfico DATAUM\" rel=\"author\">Rafael Echeverri Perico &#8211; Director cient\u00edfico DATAUM<\/a>\t\t\t\t<\/span>\n\t\t\t\t\t\t<\/div>\n\t\t\t<\/div>\n\t\t\t\t\t\t\t<div class='uagb-post__text'> \n\t\t\t\t\t<div class=\"uagb-post__excerpt\">\n\t\t\t\t\t\tLugares comunes y preconceptos sobre el mundo rural de Colombia, 2012\t\t\t\t\t<\/div>\n\t\t\t<\/div>\n\t\t\t\t\t\t\t\t<\/div>\n\t\t\t\t\t\t\t\t\t<\/article>\n\t\t\t\t\t\t\t\t<\/div>\n\t\t\t\t\t\t\t<\/div>\n\t\t\t\n\n\n<h3 class=\"has-ast-global-color-5-color has-ast-global-color-0-background-color has-text-color has-background wp-block-heading\" id=\"calidad-de-vida\">Econom\u00eda del territorio<\/h3>\n\n\n\n\t\t\t<div class=\"uagb-post-grid  uagb-post__image-position-top uagb-block-c9a74ebf    uagb-post__arrow-outside uagb-slick-carousel\" data-total=\"3\">\n\n\t\t\t\t<div class=\"uagb-post__items uagb-post__columns-4 is-carousel uagb-post__columns-tablet-2 uagb-post__columns-mobile-1\">\n\n\t\t\t\t\t\t\t\t<article >\n\t\t\t\t\t\t\t\t\t\t<div class=\"uagb-post__inner-wrap\">\n\t\t\t\t\t\t\t\t\t\t\t\t\t\t\t<div class='uagb-post__image'>\n\t\t\t\t<a href=\"https:\/\/dataum.info\/enfoque_territorial\/el-enfoque-territorial-en-mexico\/\" target=\"_self\" rel=\"bookmark noopener noreferrer\"><img loading=\"lazy\" decoding=\"async\" width=\"300\" height=\"195\" src=\"https:\/\/dataum.info\/enfoque_territorial\/wp-content\/uploads\/2022\/02\/Me\u0301xicanidad-C-300x195.jpg\" class=\"attachment-medium size-medium\" alt=\"\" srcset=\"https:\/\/dataum.info\/enfoque_territorial\/wp-content\/uploads\/2022\/02\/Me\u0301xicanidad-C-300x195.jpg 300w, https:\/\/dataum.info\/enfoque_territorial\/wp-content\/uploads\/2022\/02\/Me\u0301xicanidad-C.jpg 600w\" sizes=\"auto, (max-width: 300px) 100vw, 300px\" \/>\t\t\t\t<\/a>\n\t\t\t<\/div>\n\t\t\t\t\t\t<div class='uagb-post__text'> \n\t\t\t\t<h5 class=\"uagb-post__title\">\n\t\t\t\t\t<a href=\"https:\/\/dataum.info\/enfoque_territorial\/el-enfoque-territorial-en-mexico\/\" target=\"_self\" rel=\"bookmark noopener noreferrer\">El enfoque territorial en M\u00e9xico<\/a>\n\t\t\t\t<\/h5>\n\t\t\t<\/div>\n\t\t\t\t\t\t<div class='uagb-post__text'> \n\t\t\t<div class=\"uagb-post-grid-byline\">\n\t\t\t\t\t\t\t\t<span class=\"uagb-post__author\">\n\t\t\t\t\t<span class=\"dashicons-admin-users dashicons\"><\/span>\n\t\t\t\t\t<a href=\"https:\/\/dataum.info\/enfoque_territorial\/author\/admin\/\" title=\"Entradas de Rafael Echeverri Perico - Director cient\u00edfico DATAUM\" rel=\"author\">Rafael Echeverri Perico &#8211; Director cient\u00edfico DATAUM<\/a>\t\t\t\t<\/span>\n\t\t\t\t\t\t<\/div>\n\t\t\t<\/div>\n\t\t\t\t\t\t\t<div class='uagb-post__text'> \n\t\t\t\t\t<div class=\"uagb-post__excerpt\">\n\t\t\t\t\t\tM\u00e9xico, desde 2001 ha implementado una estrategia de desarrollo rural sustentable con importantes \u00e9nfasis en un enfoque territorial \/ Proterritorios, IICA, 2014\t\t\t\t\t<\/div>\n\t\t\t<\/div>\n\t\t\t\t\t\t\t\t<\/div>\n\t\t\t\t\t\t\t\t\t<\/article>\n\t\t\t\t\t\t\t\t<article >\n\t\t\t\t\t\t\t\t\t\t<div class=\"uagb-post__inner-wrap\">\n\t\t\t\t\t\t\t\t\t\t\t\t\t\t\t<div class='uagb-post__image'>\n\t\t\t\t<a href=\"https:\/\/dataum.info\/enfoque_territorial\/agricultura-familiar-en-las-zonas-aridas-de-mexico\/\" target=\"_self\" rel=\"bookmark noopener noreferrer\"><img loading=\"lazy\" decoding=\"async\" width=\"300\" height=\"188\" src=\"https:\/\/dataum.info\/enfoque_territorial\/wp-content\/uploads\/2022\/02\/norte-de-me\u0301xico-C-300x188.jpg\" class=\"attachment-medium size-medium\" alt=\"\" srcset=\"https:\/\/dataum.info\/enfoque_territorial\/wp-content\/uploads\/2022\/02\/norte-de-me\u0301xico-C-300x188.jpg 300w, https:\/\/dataum.info\/enfoque_territorial\/wp-content\/uploads\/2022\/02\/norte-de-me\u0301xico-C.jpg 600w\" sizes=\"auto, (max-width: 300px) 100vw, 300px\" \/>\t\t\t\t<\/a>\n\t\t\t<\/div>\n\t\t\t\t\t\t<div class='uagb-post__text'> \n\t\t\t\t<h5 class=\"uagb-post__title\">\n\t\t\t\t\t<a href=\"https:\/\/dataum.info\/enfoque_territorial\/agricultura-familiar-en-las-zonas-aridas-de-mexico\/\" target=\"_self\" rel=\"bookmark noopener noreferrer\">Agricultura familiar en las zonas \u00e1ridas de M\u00e9xico<\/a>\n\t\t\t\t<\/h5>\n\t\t\t<\/div>\n\t\t\t\t\t\t<div class='uagb-post__text'> \n\t\t\t<div class=\"uagb-post-grid-byline\">\n\t\t\t\t\t\t\t\t<span class=\"uagb-post__author\">\n\t\t\t\t\t<span class=\"dashicons-admin-users dashicons\"><\/span>\n\t\t\t\t\t<a href=\"https:\/\/dataum.info\/enfoque_territorial\/author\/admin\/\" title=\"Entradas de Rafael Echeverri Perico - Director cient\u00edfico DATAUM\" rel=\"author\">Rafael Echeverri Perico &#8211; Director cient\u00edfico DATAUM<\/a>\t\t\t\t<\/span>\n\t\t\t\t\t\t<\/div>\n\t\t\t<\/div>\n\t\t\t\t\t\t\t<div class='uagb-post__text'> \n\t\t\t\t\t<div class=\"uagb-post__excerpt\">\n\t\t\t\t\t\tIntegraci\u00f3n territorial de la agricultura familiar en las regiones del norte de M\u00e9xico, sus desaf\u00edos de pol\u00edtica p\u00fablica \/ SAGARPA, IICA, 2014\t\t\t\t\t<\/div>\n\t\t\t<\/div>\n\t\t\t\t\t\t\t\t<\/div>\n\t\t\t\t\t\t\t\t\t<\/article>\n\t\t\t\t\t\t\t\t<article >\n\t\t\t\t\t\t\t\t\t\t<div class=\"uagb-post__inner-wrap\">\n\t\t\t\t\t\t\t\t\t\t\t\t\t\t\t<div class='uagb-post__image'>\n\t\t\t\t<a href=\"https:\/\/dataum.info\/enfoque_territorial\/el-enfoque-territorial-impone-una-vision-de-largo-plazo\/\" target=\"_self\" rel=\"bookmark noopener noreferrer\"><img loading=\"lazy\" decoding=\"async\" width=\"300\" height=\"199\" src=\"https:\/\/dataum.info\/enfoque_territorial\/wp-content\/uploads\/2022\/02\/futuro-enfoque-territorial-C-300x199.jpg\" class=\"attachment-medium size-medium\" alt=\"\" srcset=\"https:\/\/dataum.info\/enfoque_territorial\/wp-content\/uploads\/2022\/02\/futuro-enfoque-territorial-C-300x199.jpg 300w, https:\/\/dataum.info\/enfoque_territorial\/wp-content\/uploads\/2022\/02\/futuro-enfoque-territorial-C.jpg 600w\" sizes=\"auto, (max-width: 300px) 100vw, 300px\" \/>\t\t\t\t<\/a>\n\t\t\t<\/div>\n\t\t\t\t\t\t<div class='uagb-post__text'> \n\t\t\t\t<h5 class=\"uagb-post__title\">\n\t\t\t\t\t<a href=\"https:\/\/dataum.info\/enfoque_territorial\/el-enfoque-territorial-impone-una-vision-de-largo-plazo\/\" target=\"_self\" rel=\"bookmark noopener noreferrer\">El enfoque territorial impone una visi\u00f3n de largo plazo<\/a>\n\t\t\t\t<\/h5>\n\t\t\t<\/div>\n\t\t\t\t\t\t<div class='uagb-post__text'> \n\t\t\t<div class=\"uagb-post-grid-byline\">\n\t\t\t\t\t\t\t\t<span class=\"uagb-post__author\">\n\t\t\t\t\t<span class=\"dashicons-admin-users dashicons\"><\/span>\n\t\t\t\t\t<a href=\"https:\/\/dataum.info\/enfoque_territorial\/author\/admin\/\" title=\"Entradas de Rafael Echeverri Perico - Director cient\u00edfico DATAUM\" rel=\"author\">Rafael Echeverri Perico &#8211; Director cient\u00edfico DATAUM<\/a>\t\t\t\t<\/span>\n\t\t\t\t\t\t<\/div>\n\t\t\t<\/div>\n\t\t\t\t\t\t\t<div class='uagb-post__text'> \n\t\t\t\t\t<div class=\"uagb-post__excerpt\">\n\t\t\t\t\t\tEl enfoque territorial impulsa la definici\u00f3n de un modelo de futuro, un proyecto de sociedad que se realiza en el territorio \/ IICA, Proterritorio, 2013\t\t\t\t\t<\/div>\n\t\t\t<\/div>\n\t\t\t\t\t\t\t\t<\/div>\n\t\t\t\t\t\t\t\t\t<\/article>\n\t\t\t\t\t\t\t\t<article >\n\t\t\t\t\t\t\t\t\t\t<div class=\"uagb-post__inner-wrap\">\n\t\t\t\t\t\t\t\t\t\t\t\t\t\t\t<div class='uagb-post__image'>\n\t\t\t\t<a href=\"https:\/\/dataum.info\/enfoque_territorial\/el-enfoque-territorial-ofrece-una-vision-mas-amplia-de-lo-rural\/\" target=\"_self\" rel=\"bookmark noopener noreferrer\"><img loading=\"lazy\" decoding=\"async\" width=\"300\" height=\"200\" src=\"https:\/\/dataum.info\/enfoque_territorial\/wp-content\/uploads\/2022\/02\/nueva-ruralidad-C-300x200.png\" class=\"attachment-medium size-medium\" alt=\"\" srcset=\"https:\/\/dataum.info\/enfoque_territorial\/wp-content\/uploads\/2022\/02\/nueva-ruralidad-C-300x200.png 300w, https:\/\/dataum.info\/enfoque_territorial\/wp-content\/uploads\/2022\/02\/nueva-ruralidad-C.png 600w\" sizes=\"auto, (max-width: 300px) 100vw, 300px\" \/>\t\t\t\t<\/a>\n\t\t\t<\/div>\n\t\t\t\t\t\t<div class='uagb-post__text'> \n\t\t\t\t<h5 class=\"uagb-post__title\">\n\t\t\t\t\t<a href=\"https:\/\/dataum.info\/enfoque_territorial\/el-enfoque-territorial-ofrece-una-vision-mas-amplia-de-lo-rural\/\" target=\"_self\" rel=\"bookmark noopener noreferrer\">El enfoque territorial ofrece una visi\u00f3n m\u00e1s amplia de lo rural<\/a>\n\t\t\t\t<\/h5>\n\t\t\t<\/div>\n\t\t\t\t\t\t<div class='uagb-post__text'> \n\t\t\t<div class=\"uagb-post-grid-byline\">\n\t\t\t\t\t\t\t\t<span class=\"uagb-post__author\">\n\t\t\t\t\t<span class=\"dashicons-admin-users dashicons\"><\/span>\n\t\t\t\t\t<a href=\"https:\/\/dataum.info\/enfoque_territorial\/author\/admin\/\" title=\"Entradas de Rafael Echeverri Perico - Director cient\u00edfico DATAUM\" rel=\"author\">Rafael Echeverri Perico &#8211; Director cient\u00edfico DATAUM<\/a>\t\t\t\t<\/span>\n\t\t\t\t\t\t<\/div>\n\t\t\t<\/div>\n\t\t\t\t\t\t\t<div class='uagb-post__text'> \n\t\t\t\t\t<div class=\"uagb-post__excerpt\">\n\t\t\t\t\t\tLa nueva ruralidad abri\u00f3 el espacio para consolidar el enfoque territorial como una aproximaci\u00f3n m\u00e1s apropiada de abordar el desarrollo sostenible, IICA, Proterritorios, 2012\t\t\t\t\t<\/div>\n\t\t\t<\/div>\n\t\t\t\t\t\t\t\t<\/div>\n\t\t\t\t\t\t\t\t\t<\/article>\n\t\t\t\t\t\t\t\t<article >\n\t\t\t\t\t\t\t\t\t\t<div class=\"uagb-post__inner-wrap\">\n\t\t\t\t\t\t\t\t\t\t\t\t\t\t\t<div class='uagb-post__image'>\n\t\t\t\t<a href=\"https:\/\/dataum.info\/enfoque_territorial\/competitividad-territorial-con-enfoque-territorial\/\" target=\"_self\" rel=\"bookmark noopener noreferrer\"><img loading=\"lazy\" decoding=\"async\" width=\"300\" height=\"184\" src=\"https:\/\/dataum.info\/enfoque_territorial\/wp-content\/uploads\/2022\/02\/cultivos-1-C-300x184.jpg\" class=\"attachment-medium size-medium\" alt=\"\" srcset=\"https:\/\/dataum.info\/enfoque_territorial\/wp-content\/uploads\/2022\/02\/cultivos-1-C-300x184.jpg 300w, https:\/\/dataum.info\/enfoque_territorial\/wp-content\/uploads\/2022\/02\/cultivos-1-C.jpg 600w\" sizes=\"auto, (max-width: 300px) 100vw, 300px\" \/>\t\t\t\t<\/a>\n\t\t\t<\/div>\n\t\t\t\t\t\t<div class='uagb-post__text'> \n\t\t\t\t<h5 class=\"uagb-post__title\">\n\t\t\t\t\t<a href=\"https:\/\/dataum.info\/enfoque_territorial\/competitividad-territorial-con-enfoque-territorial\/\" target=\"_self\" rel=\"bookmark noopener noreferrer\">Competitividad territorial con enfoque territorial<\/a>\n\t\t\t\t<\/h5>\n\t\t\t<\/div>\n\t\t\t\t\t\t<div class='uagb-post__text'> \n\t\t\t<div class=\"uagb-post-grid-byline\">\n\t\t\t\t\t\t\t\t<span class=\"uagb-post__author\">\n\t\t\t\t\t<span class=\"dashicons-admin-users dashicons\"><\/span>\n\t\t\t\t\t<a href=\"https:\/\/dataum.info\/enfoque_territorial\/author\/admin\/\" title=\"Entradas de Rafael Echeverri Perico - Director cient\u00edfico DATAUM\" rel=\"author\">Rafael Echeverri Perico &#8211; Director cient\u00edfico DATAUM<\/a>\t\t\t\t<\/span>\n\t\t\t\t\t\t<\/div>\n\t\t\t<\/div>\n\t\t\t\t\t\t\t<div class='uagb-post__text'> \n\t\t\t\t\t<div class=\"uagb-post__excerpt\">\n\t\t\t\t\t\tEl enfoque territorial considera que la competitividad territorial debe incluir las rentas sociales, no \u00fanicamente las rentas privadas, Proterritorios, 2010\t\t\t\t\t<\/div>\n\t\t\t<\/div>\n\t\t\t\t\t\t\t\t<\/div>\n\t\t\t\t\t\t\t\t\t<\/article>\n\t\t\t\t\t\t\t\t<article >\n\t\t\t\t\t\t\t\t\t\t<div class=\"uagb-post__inner-wrap\">\n\t\t\t\t\t\t\t\t\t\t\t\t\t\t\t<div class='uagb-post__image'>\n\t\t\t\t<a href=\"https:\/\/dataum.info\/enfoque_territorial\/competitividad-desde-el-enfoque-territorial\/\" target=\"_self\" rel=\"bookmark noopener noreferrer\"><img loading=\"lazy\" decoding=\"async\" width=\"300\" height=\"199\" src=\"https:\/\/dataum.info\/enfoque_territorial\/wp-content\/uploads\/2022\/02\/poblado-rural-C-300x199.jpg\" class=\"attachment-medium size-medium\" alt=\"\" srcset=\"https:\/\/dataum.info\/enfoque_territorial\/wp-content\/uploads\/2022\/02\/poblado-rural-C-300x199.jpg 300w, https:\/\/dataum.info\/enfoque_territorial\/wp-content\/uploads\/2022\/02\/poblado-rural-C.jpg 600w\" sizes=\"auto, (max-width: 300px) 100vw, 300px\" \/>\t\t\t\t<\/a>\n\t\t\t<\/div>\n\t\t\t\t\t\t<div class='uagb-post__text'> \n\t\t\t\t<h5 class=\"uagb-post__title\">\n\t\t\t\t\t<a href=\"https:\/\/dataum.info\/enfoque_territorial\/competitividad-desde-el-enfoque-territorial\/\" target=\"_self\" rel=\"bookmark noopener noreferrer\">Competitividad desde el enfoque territorial<\/a>\n\t\t\t\t<\/h5>\n\t\t\t<\/div>\n\t\t\t\t\t\t<div class='uagb-post__text'> \n\t\t\t<div class=\"uagb-post-grid-byline\">\n\t\t\t\t\t\t\t\t<span class=\"uagb-post__author\">\n\t\t\t\t\t<span class=\"dashicons-admin-users dashicons\"><\/span>\n\t\t\t\t\t<a href=\"https:\/\/dataum.info\/enfoque_territorial\/author\/admin\/\" title=\"Entradas de Rafael Echeverri Perico - Director cient\u00edfico DATAUM\" rel=\"author\">Rafael Echeverri Perico &#8211; Director cient\u00edfico DATAUM<\/a>\t\t\t\t<\/span>\n\t\t\t\t\t\t<\/div>\n\t\t\t<\/div>\n\t\t\t\t\t\t\t<div class='uagb-post__text'> \n\t\t\t\t\t<div class=\"uagb-post__excerpt\">\n\t\t\t\t\t\tLa competitividad tiene dimensiones extra econ\u00f3micas que se develan n\u00edtidamente en el enfoque territorial, IICA, Proterritorios, 2014\t\t\t\t\t<\/div>\n\t\t\t<\/div>\n\t\t\t\t\t\t\t\t<\/div>\n\t\t\t\t\t\t\t\t\t<\/article>\n\t\t\t\t\t\t\t\t<\/div>\n\t\t\t\t\t\t\t<\/div>\n\t\t\t\n\n\n<h3 class=\"has-ast-global-color-5-color has-ast-global-color-0-background-color has-text-color has-background wp-block-heading\" id=\"calidad-de-vida\">Calidad de vida en el territorio<\/h3>\n\n\n\n\t\t\t<div class=\"uagb-post-grid  uagb-post__image-position-top uagb-block-957bb0d7    uagb-post__arrow-outside\" data-total=\"1\">\n\n\t\t\t\t<div class=\"uagb-post__items uagb-post__columns-4 is-carousel uagb-post__columns-tablet-2 uagb-post__columns-mobile-1\">\n\n\t\t\t\t\t\t\t\t<article >\n\t\t\t\t\t\t\t\t\t\t<div class=\"uagb-post__inner-wrap\">\n\t\t\t\t\t\t\t\t\t\t\t\t\t\t\t<div class='uagb-post__image'>\n\t\t\t\t<a href=\"https:\/\/dataum.info\/enfoque_territorial\/325-2\/\" target=\"_self\" rel=\"bookmark noopener noreferrer\"><img loading=\"lazy\" decoding=\"async\" width=\"300\" height=\"196\" src=\"https:\/\/dataum.info\/enfoque_territorial\/wp-content\/uploads\/2022\/02\/pobre-rico-300x196.png\" class=\"attachment-medium size-medium\" alt=\"\" srcset=\"https:\/\/dataum.info\/enfoque_territorial\/wp-content\/uploads\/2022\/02\/pobre-rico-300x196.png 300w, https:\/\/dataum.info\/enfoque_territorial\/wp-content\/uploads\/2022\/02\/pobre-rico.png 600w\" sizes=\"auto, (max-width: 300px) 100vw, 300px\" \/>\t\t\t\t<\/a>\n\t\t\t<\/div>\n\t\t\t\t\t\t<div class='uagb-post__text'> \n\t\t\t\t<h5 class=\"uagb-post__title\">\n\t\t\t\t\t<a href=\"https:\/\/dataum.info\/enfoque_territorial\/325-2\/\" target=\"_self\" rel=\"bookmark noopener noreferrer\">Pobreza y sostenibilidad en el enfoque territorial<\/a>\n\t\t\t\t<\/h5>\n\t\t\t<\/div>\n\t\t\t\t\t\t<div class='uagb-post__text'> \n\t\t\t<div class=\"uagb-post-grid-byline\">\n\t\t\t\t\t\t\t\t<span class=\"uagb-post__author\">\n\t\t\t\t\t<span class=\"dashicons-admin-users dashicons\"><\/span>\n\t\t\t\t\t<a href=\"https:\/\/dataum.info\/enfoque_territorial\/author\/admin\/\" title=\"Entradas de Rafael Echeverri Perico - Director cient\u00edfico DATAUM\" rel=\"author\">Rafael Echeverri Perico &#8211; Director cient\u00edfico DATAUM<\/a>\t\t\t\t<\/span>\n\t\t\t\t\t\t<\/div>\n\t\t\t<\/div>\n\t\t\t\t\t\t\t<div class='uagb-post__text'> \n\t\t\t\t\t<div class=\"uagb-post__excerpt\">\n\t\t\t\t\t\tEl cambio de modelo implica una nueva forma de producci\u00f3n y consumo, basada en el desarrollo sostenible y un enfoque territorial \/ SEGEPLAN Guatemala, 2005\t\t\t\t\t<\/div>\n\t\t\t<\/div>\n\t\t\t\t\t\t\t\t<\/div>\n\t\t\t\t\t\t\t\t\t<\/article>\n\t\t\t\t\t\t\t\t<article >\n\t\t\t\t\t\t\t\t\t\t<div class=\"uagb-post__inner-wrap\">\n\t\t\t\t\t\t\t\t\t\t\t\t\t\t\t<div class='uagb-post__image'>\n\t\t\t\t<a href=\"https:\/\/dataum.info\/enfoque_territorial\/atencion-a-la-pobreza-en-un-enfoque-territorial\/\" target=\"_self\" rel=\"bookmark noopener noreferrer\"><img loading=\"lazy\" decoding=\"async\" width=\"300\" height=\"242\" src=\"https:\/\/dataum.info\/enfoque_territorial\/wp-content\/uploads\/2022\/02\/marginalidad-urbana-C-300x242.jpg\" class=\"attachment-medium size-medium\" alt=\"\" srcset=\"https:\/\/dataum.info\/enfoque_territorial\/wp-content\/uploads\/2022\/02\/marginalidad-urbana-C-300x242.jpg 300w, https:\/\/dataum.info\/enfoque_territorial\/wp-content\/uploads\/2022\/02\/marginalidad-urbana-C.jpg 600w\" sizes=\"auto, (max-width: 300px) 100vw, 300px\" \/>\t\t\t\t<\/a>\n\t\t\t<\/div>\n\t\t\t\t\t\t<div class='uagb-post__text'> \n\t\t\t\t<h5 class=\"uagb-post__title\">\n\t\t\t\t\t<a href=\"https:\/\/dataum.info\/enfoque_territorial\/atencion-a-la-pobreza-en-un-enfoque-territorial\/\" target=\"_self\" rel=\"bookmark noopener noreferrer\">Atenci\u00f3n a la pobreza en un enfoque territorial<\/a>\n\t\t\t\t<\/h5>\n\t\t\t<\/div>\n\t\t\t\t\t\t<div class='uagb-post__text'> \n\t\t\t<div class=\"uagb-post-grid-byline\">\n\t\t\t\t\t\t\t\t<span class=\"uagb-post__author\">\n\t\t\t\t\t<span class=\"dashicons-admin-users dashicons\"><\/span>\n\t\t\t\t\t<a href=\"https:\/\/dataum.info\/enfoque_territorial\/author\/admin\/\" title=\"Entradas de Rafael Echeverri Perico - Director cient\u00edfico DATAUM\" rel=\"author\">Rafael Echeverri Perico &#8211; Director cient\u00edfico DATAUM<\/a>\t\t\t\t<\/span>\n\t\t\t\t\t\t<\/div>\n\t\t\t<\/div>\n\t\t\t\t\t\t\t<div class='uagb-post__text'> \n\t\t\t\t\t<div class=\"uagb-post__excerpt\">\n\t\t\t\t\t\tImplicaciones econ\u00f3micas y sociales de las definiciones t\u00e9cnicas y pol\u00edticas de la pobreza en el enfoque territorial, Proterritorios, SEGIB, 2014\t\t\t\t\t<\/div>\n\t\t\t<\/div>\n\t\t\t\t\t\t\t\t<\/div>\n\t\t\t\t\t\t\t\t\t<\/article>\n\t\t\t\t\t\t\t\t<article >\n\t\t\t\t\t\t\t\t\t\t<div class=\"uagb-post__inner-wrap\">\n\t\t\t\t\t\t\t\t\t\t\t\t\t\t\t<div class='uagb-post__image'>\n\t\t\t\t<a href=\"https:\/\/dataum.info\/enfoque_territorial\/desarrollo-rural-y-cultivos-de-uso-ilicito\/\" target=\"_self\" rel=\"bookmark noopener noreferrer\"><img loading=\"lazy\" decoding=\"async\" width=\"300\" height=\"201\" src=\"https:\/\/dataum.info\/enfoque_territorial\/wp-content\/uploads\/2002\/02\/cultivos-ili\u0301citos-C-300x201.jpg\" class=\"attachment-medium size-medium\" alt=\"\" srcset=\"https:\/\/dataum.info\/enfoque_territorial\/wp-content\/uploads\/2002\/02\/cultivos-ili\u0301citos-C-300x201.jpg 300w, https:\/\/dataum.info\/enfoque_territorial\/wp-content\/uploads\/2002\/02\/cultivos-ili\u0301citos-C.jpg 600w\" sizes=\"auto, (max-width: 300px) 100vw, 300px\" \/>\t\t\t\t<\/a>\n\t\t\t<\/div>\n\t\t\t\t\t\t<div class='uagb-post__text'> \n\t\t\t\t<h5 class=\"uagb-post__title\">\n\t\t\t\t\t<a href=\"https:\/\/dataum.info\/enfoque_territorial\/desarrollo-rural-y-cultivos-de-uso-ilicito\/\" target=\"_self\" rel=\"bookmark noopener noreferrer\">Territorios y cultivos de uso il\u00edcito<\/a>\n\t\t\t\t<\/h5>\n\t\t\t<\/div>\n\t\t\t\t\t\t<div class='uagb-post__text'> \n\t\t\t<div class=\"uagb-post-grid-byline\">\n\t\t\t\t\t\t\t\t<span class=\"uagb-post__author\">\n\t\t\t\t\t<span class=\"dashicons-admin-users dashicons\"><\/span>\n\t\t\t\t\t<a href=\"https:\/\/dataum.info\/enfoque_territorial\/author\/admin\/\" title=\"Entradas de Rafael Echeverri Perico - Director cient\u00edfico DATAUM\" rel=\"author\">Rafael Echeverri Perico &#8211; Director cient\u00edfico DATAUM<\/a>\t\t\t\t<\/span>\n\t\t\t\t\t\t<\/div>\n\t\t\t<\/div>\n\t\t\t\t\t\t\t<div class='uagb-post__text'> \n\t\t\t\t\t<div class=\"uagb-post__excerpt\">\n\t\t\t\t\t\tLa complejidad sist\u00e9mica que sobredetermina el devenir de los territorios afectados por los cultivos de uso il\u00edcito \/ Misi\u00f3n la Pol\u00edtica, ESAP, 2002\t\t\t\t\t<\/div>\n\t\t\t<\/div>\n\t\t\t\t\t\t\t\t<\/div>\n\t\t\t\t\t\t\t\t\t<\/article>\n\t\t\t\t\t\t\t\t<\/div>\n\t\t\t\t\t\t\t<\/div>\n\t\t\t\n\n\n<h3 class=\"has-ast-global-color-5-color has-ast-global-color-0-background-color has-text-color has-background wp-block-heading\" id=\"calidad-de-vida\">Producci\u00f3n y productividad en el territorio<\/h3>\n\n\n\n\t\t\t<div class=\"uagb-post-grid  uagb-post__image-position-top uagb-block-098643a4    uagb-post__arrow-outside uagb-slick-carousel\" data-total=\"2\">\n\n\t\t\t\t<div class=\"uagb-post__items uagb-post__columns-4 is-carousel uagb-post__columns-tablet-2 uagb-post__columns-mobile-1\">\n\n\t\t\t\t\t\t\t\t<article >\n\t\t\t\t\t\t\t\t\t\t<div class=\"uagb-post__inner-wrap\">\n\t\t\t\t\t\t\t\t\t\t\t\t\t\t\t<div class='uagb-post__image'>\n\t\t\t\t<a href=\"https:\/\/dataum.info\/enfoque_territorial\/agricultura-familiar-en-las-zonas-aridas-de-mexico\/\" target=\"_self\" rel=\"bookmark noopener noreferrer\"><img loading=\"lazy\" decoding=\"async\" width=\"300\" height=\"188\" src=\"https:\/\/dataum.info\/enfoque_territorial\/wp-content\/uploads\/2022\/02\/norte-de-me\u0301xico-C-300x188.jpg\" class=\"attachment-medium size-medium\" alt=\"\" srcset=\"https:\/\/dataum.info\/enfoque_territorial\/wp-content\/uploads\/2022\/02\/norte-de-me\u0301xico-C-300x188.jpg 300w, https:\/\/dataum.info\/enfoque_territorial\/wp-content\/uploads\/2022\/02\/norte-de-me\u0301xico-C.jpg 600w\" sizes=\"auto, (max-width: 300px) 100vw, 300px\" \/>\t\t\t\t<\/a>\n\t\t\t<\/div>\n\t\t\t\t\t\t<div class='uagb-post__text'> \n\t\t\t\t<h5 class=\"uagb-post__title\">\n\t\t\t\t\t<a href=\"https:\/\/dataum.info\/enfoque_territorial\/agricultura-familiar-en-las-zonas-aridas-de-mexico\/\" target=\"_self\" rel=\"bookmark noopener noreferrer\">Agricultura familiar en las zonas \u00e1ridas de M\u00e9xico<\/a>\n\t\t\t\t<\/h5>\n\t\t\t<\/div>\n\t\t\t\t\t\t<div class='uagb-post__text'> \n\t\t\t<div class=\"uagb-post-grid-byline\">\n\t\t\t\t\t\t\t\t<span class=\"uagb-post__author\">\n\t\t\t\t\t<span class=\"dashicons-admin-users dashicons\"><\/span>\n\t\t\t\t\t<a href=\"https:\/\/dataum.info\/enfoque_territorial\/author\/admin\/\" title=\"Entradas de Rafael Echeverri Perico - Director cient\u00edfico DATAUM\" rel=\"author\">Rafael Echeverri Perico &#8211; Director cient\u00edfico DATAUM<\/a>\t\t\t\t<\/span>\n\t\t\t\t\t\t<\/div>\n\t\t\t<\/div>\n\t\t\t\t\t\t\t<div class='uagb-post__text'> \n\t\t\t\t\t<div class=\"uagb-post__excerpt\">\n\t\t\t\t\t\tIntegraci\u00f3n territorial de la agricultura familiar en las regiones del norte de M\u00e9xico, sus desaf\u00edos de pol\u00edtica p\u00fablica \/ SAGARPA, IICA, 2014\t\t\t\t\t<\/div>\n\t\t\t<\/div>\n\t\t\t\t\t\t\t\t<\/div>\n\t\t\t\t\t\t\t\t\t<\/article>\n\t\t\t\t\t\t\t\t<article >\n\t\t\t\t\t\t\t\t\t\t<div class=\"uagb-post__inner-wrap\">\n\t\t\t\t\t\t\t\t\t\t\t\t\t\t\t<div class='uagb-post__image'>\n\t\t\t\t<a href=\"https:\/\/dataum.info\/enfoque_territorial\/el-enfoque-territorial-ofrece-una-vision-mas-amplia-de-lo-rural\/\" target=\"_self\" rel=\"bookmark noopener noreferrer\"><img loading=\"lazy\" decoding=\"async\" width=\"300\" height=\"200\" src=\"https:\/\/dataum.info\/enfoque_territorial\/wp-content\/uploads\/2022\/02\/nueva-ruralidad-C-300x200.png\" class=\"attachment-medium size-medium\" alt=\"\" srcset=\"https:\/\/dataum.info\/enfoque_territorial\/wp-content\/uploads\/2022\/02\/nueva-ruralidad-C-300x200.png 300w, https:\/\/dataum.info\/enfoque_territorial\/wp-content\/uploads\/2022\/02\/nueva-ruralidad-C.png 600w\" sizes=\"auto, (max-width: 300px) 100vw, 300px\" \/>\t\t\t\t<\/a>\n\t\t\t<\/div>\n\t\t\t\t\t\t<div class='uagb-post__text'> \n\t\t\t\t<h5 class=\"uagb-post__title\">\n\t\t\t\t\t<a href=\"https:\/\/dataum.info\/enfoque_territorial\/el-enfoque-territorial-ofrece-una-vision-mas-amplia-de-lo-rural\/\" target=\"_self\" rel=\"bookmark noopener noreferrer\">El enfoque territorial ofrece una visi\u00f3n m\u00e1s amplia de lo rural<\/a>\n\t\t\t\t<\/h5>\n\t\t\t<\/div>\n\t\t\t\t\t\t<div class='uagb-post__text'> \n\t\t\t<div class=\"uagb-post-grid-byline\">\n\t\t\t\t\t\t\t\t<span class=\"uagb-post__author\">\n\t\t\t\t\t<span class=\"dashicons-admin-users dashicons\"><\/span>\n\t\t\t\t\t<a href=\"https:\/\/dataum.info\/enfoque_territorial\/author\/admin\/\" title=\"Entradas de Rafael Echeverri Perico - Director cient\u00edfico DATAUM\" rel=\"author\">Rafael Echeverri Perico &#8211; Director cient\u00edfico DATAUM<\/a>\t\t\t\t<\/span>\n\t\t\t\t\t\t<\/div>\n\t\t\t<\/div>\n\t\t\t\t\t\t\t<div class='uagb-post__text'> \n\t\t\t\t\t<div class=\"uagb-post__excerpt\">\n\t\t\t\t\t\tLa nueva ruralidad abri\u00f3 el espacio para consolidar el enfoque territorial como una aproximaci\u00f3n m\u00e1s apropiada de abordar el desarrollo sostenible, IICA, Proterritorios, 2012\t\t\t\t\t<\/div>\n\t\t\t<\/div>\n\t\t\t\t\t\t\t\t<\/div>\n\t\t\t\t\t\t\t\t\t<\/article>\n\t\t\t\t\t\t\t\t<article >\n\t\t\t\t\t\t\t\t\t\t<div class=\"uagb-post__inner-wrap\">\n\t\t\t\t\t\t\t\t\t\t\t\t\t\t\t<div class='uagb-post__image'>\n\t\t\t\t<a href=\"https:\/\/dataum.info\/enfoque_territorial\/competitividad-territorial-con-enfoque-territorial\/\" target=\"_self\" rel=\"bookmark noopener noreferrer\"><img loading=\"lazy\" decoding=\"async\" width=\"300\" height=\"184\" src=\"https:\/\/dataum.info\/enfoque_territorial\/wp-content\/uploads\/2022\/02\/cultivos-1-C-300x184.jpg\" class=\"attachment-medium size-medium\" alt=\"\" srcset=\"https:\/\/dataum.info\/enfoque_territorial\/wp-content\/uploads\/2022\/02\/cultivos-1-C-300x184.jpg 300w, https:\/\/dataum.info\/enfoque_territorial\/wp-content\/uploads\/2022\/02\/cultivos-1-C.jpg 600w\" sizes=\"auto, (max-width: 300px) 100vw, 300px\" \/>\t\t\t\t<\/a>\n\t\t\t<\/div>\n\t\t\t\t\t\t<div class='uagb-post__text'> \n\t\t\t\t<h5 class=\"uagb-post__title\">\n\t\t\t\t\t<a href=\"https:\/\/dataum.info\/enfoque_territorial\/competitividad-territorial-con-enfoque-territorial\/\" target=\"_self\" rel=\"bookmark noopener noreferrer\">Competitividad territorial con enfoque territorial<\/a>\n\t\t\t\t<\/h5>\n\t\t\t<\/div>\n\t\t\t\t\t\t<div class='uagb-post__text'> \n\t\t\t<div class=\"uagb-post-grid-byline\">\n\t\t\t\t\t\t\t\t<span class=\"uagb-post__author\">\n\t\t\t\t\t<span class=\"dashicons-admin-users dashicons\"><\/span>\n\t\t\t\t\t<a href=\"https:\/\/dataum.info\/enfoque_territorial\/author\/admin\/\" title=\"Entradas de Rafael Echeverri Perico - Director cient\u00edfico DATAUM\" rel=\"author\">Rafael Echeverri Perico &#8211; Director cient\u00edfico DATAUM<\/a>\t\t\t\t<\/span>\n\t\t\t\t\t\t<\/div>\n\t\t\t<\/div>\n\t\t\t\t\t\t\t<div class='uagb-post__text'> \n\t\t\t\t\t<div class=\"uagb-post__excerpt\">\n\t\t\t\t\t\tEl enfoque territorial considera que la competitividad territorial debe incluir las rentas sociales, no \u00fanicamente las rentas privadas, Proterritorios, 2010\t\t\t\t\t<\/div>\n\t\t\t<\/div>\n\t\t\t\t\t\t\t\t<\/div>\n\t\t\t\t\t\t\t\t\t<\/article>\n\t\t\t\t\t\t\t\t<article >\n\t\t\t\t\t\t\t\t\t\t<div class=\"uagb-post__inner-wrap\">\n\t\t\t\t\t\t\t\t\t\t\t\t\t\t\t<div class='uagb-post__image'>\n\t\t\t\t<a href=\"https:\/\/dataum.info\/enfoque_territorial\/competitividad-desde-el-enfoque-territorial\/\" target=\"_self\" rel=\"bookmark noopener noreferrer\"><img loading=\"lazy\" decoding=\"async\" width=\"300\" height=\"199\" src=\"https:\/\/dataum.info\/enfoque_territorial\/wp-content\/uploads\/2022\/02\/poblado-rural-C-300x199.jpg\" class=\"attachment-medium size-medium\" alt=\"\" srcset=\"https:\/\/dataum.info\/enfoque_territorial\/wp-content\/uploads\/2022\/02\/poblado-rural-C-300x199.jpg 300w, https:\/\/dataum.info\/enfoque_territorial\/wp-content\/uploads\/2022\/02\/poblado-rural-C.jpg 600w\" sizes=\"auto, (max-width: 300px) 100vw, 300px\" \/>\t\t\t\t<\/a>\n\t\t\t<\/div>\n\t\t\t\t\t\t<div class='uagb-post__text'> \n\t\t\t\t<h5 class=\"uagb-post__title\">\n\t\t\t\t\t<a href=\"https:\/\/dataum.info\/enfoque_territorial\/competitividad-desde-el-enfoque-territorial\/\" target=\"_self\" rel=\"bookmark noopener noreferrer\">Competitividad desde el enfoque territorial<\/a>\n\t\t\t\t<\/h5>\n\t\t\t<\/div>\n\t\t\t\t\t\t<div class='uagb-post__text'> \n\t\t\t<div class=\"uagb-post-grid-byline\">\n\t\t\t\t\t\t\t\t<span class=\"uagb-post__author\">\n\t\t\t\t\t<span class=\"dashicons-admin-users dashicons\"><\/span>\n\t\t\t\t\t<a href=\"https:\/\/dataum.info\/enfoque_territorial\/author\/admin\/\" title=\"Entradas de Rafael Echeverri Perico - Director cient\u00edfico DATAUM\" rel=\"author\">Rafael Echeverri Perico &#8211; Director cient\u00edfico DATAUM<\/a>\t\t\t\t<\/span>\n\t\t\t\t\t\t<\/div>\n\t\t\t<\/div>\n\t\t\t\t\t\t\t<div class='uagb-post__text'> \n\t\t\t\t\t<div class=\"uagb-post__excerpt\">\n\t\t\t\t\t\tLa competitividad tiene dimensiones extra econ\u00f3micas que se develan n\u00edtidamente en el enfoque territorial, IICA, Proterritorios, 2014\t\t\t\t\t<\/div>\n\t\t\t<\/div>\n\t\t\t\t\t\t\t\t<\/div>\n\t\t\t\t\t\t\t\t\t<\/article>\n\t\t\t\t\t\t\t\t<article >\n\t\t\t\t\t\t\t\t\t\t<div class=\"uagb-post__inner-wrap\">\n\t\t\t\t\t\t\t\t\t\t\t\t\t\t\t<div class='uagb-post__image'>\n\t\t\t\t<a href=\"https:\/\/dataum.info\/enfoque_territorial\/sistemas-territoriales-de-produccion-agropecuaria\/\" target=\"_self\" rel=\"bookmark noopener noreferrer\"><img loading=\"lazy\" decoding=\"async\" width=\"300\" height=\"200\" src=\"https:\/\/dataum.info\/enfoque_territorial\/wp-content\/uploads\/2022\/02\/recolectores-2-C-300x200.jpg\" class=\"attachment-medium size-medium\" alt=\"\" srcset=\"https:\/\/dataum.info\/enfoque_territorial\/wp-content\/uploads\/2022\/02\/recolectores-2-C-300x200.jpg 300w, https:\/\/dataum.info\/enfoque_territorial\/wp-content\/uploads\/2022\/02\/recolectores-2-C.jpg 600w\" sizes=\"auto, (max-width: 300px) 100vw, 300px\" \/>\t\t\t\t<\/a>\n\t\t\t<\/div>\n\t\t\t\t\t\t<div class='uagb-post__text'> \n\t\t\t\t<h5 class=\"uagb-post__title\">\n\t\t\t\t\t<a href=\"https:\/\/dataum.info\/enfoque_territorial\/sistemas-territoriales-de-produccion-agropecuaria\/\" target=\"_self\" rel=\"bookmark noopener noreferrer\">Sistemas territoriales de producci\u00f3n agropecuaria campesina<\/a>\n\t\t\t\t<\/h5>\n\t\t\t<\/div>\n\t\t\t\t\t\t<div class='uagb-post__text'> \n\t\t\t<div class=\"uagb-post-grid-byline\">\n\t\t\t\t\t\t\t\t<span class=\"uagb-post__author\">\n\t\t\t\t\t<span class=\"dashicons-admin-users dashicons\"><\/span>\n\t\t\t\t\t<a href=\"https:\/\/dataum.info\/enfoque_territorial\/author\/admin\/\" title=\"Entradas de Rafael Echeverri Perico - Director cient\u00edfico DATAUM\" rel=\"author\">Rafael Echeverri Perico &#8211; Director cient\u00edfico DATAUM<\/a>\t\t\t\t<\/span>\n\t\t\t\t\t\t<\/div>\n\t\t\t<\/div>\n\t\t\t\t\t\t\t<div class='uagb-post__text'> \n\t\t\t\t\t<div class=\"uagb-post__excerpt\">\n\t\t\t\t\t\tLa agricultura familiar, campesina o comunitaria no es una actividad individual y aislada, forma parte de sistemas territoriales de producci\u00f3n d enorme potencial, Proterritorios, 2013\t\t\t\t\t<\/div>\n\t\t\t<\/div>\n\t\t\t\t\t\t\t\t<\/div>\n\t\t\t\t\t\t\t\t\t<\/article>\n\t\t\t\t\t\t\t\t<article >\n\t\t\t\t\t\t\t\t\t\t<div class=\"uagb-post__inner-wrap\">\n\t\t\t\t\t\t\t\t\t\t\t\t\t\t\t<div class='uagb-post__image'>\n\t\t\t\t<a href=\"https:\/\/dataum.info\/enfoque_territorial\/logicas-de-localizacion-territorial\/\" target=\"_self\" rel=\"bookmark noopener noreferrer\"><img loading=\"lazy\" decoding=\"async\" width=\"300\" height=\"205\" src=\"https:\/\/dataum.info\/enfoque_territorial\/wp-content\/uploads\/2022\/02\/imagen-campo-agri\u0301cola-C-2-300x205.jpg\" class=\"attachment-medium size-medium\" alt=\"\" srcset=\"https:\/\/dataum.info\/enfoque_territorial\/wp-content\/uploads\/2022\/02\/imagen-campo-agri\u0301cola-C-2-300x205.jpg 300w, https:\/\/dataum.info\/enfoque_territorial\/wp-content\/uploads\/2022\/02\/imagen-campo-agri\u0301cola-C-2.jpg 600w\" sizes=\"auto, (max-width: 300px) 100vw, 300px\" \/>\t\t\t\t<\/a>\n\t\t\t<\/div>\n\t\t\t\t\t\t<div class='uagb-post__text'> \n\t\t\t\t<h5 class=\"uagb-post__title\">\n\t\t\t\t\t<a href=\"https:\/\/dataum.info\/enfoque_territorial\/logicas-de-localizacion-territorial\/\" target=\"_self\" rel=\"bookmark noopener noreferrer\">L\u00f3gicas de localizaci\u00f3n territorial<\/a>\n\t\t\t\t<\/h5>\n\t\t\t<\/div>\n\t\t\t\t\t\t<div class='uagb-post__text'> \n\t\t\t<div class=\"uagb-post-grid-byline\">\n\t\t\t\t\t\t\t\t<span class=\"uagb-post__author\">\n\t\t\t\t\t<span class=\"dashicons-admin-users dashicons\"><\/span>\n\t\t\t\t\t<a href=\"https:\/\/dataum.info\/enfoque_territorial\/author\/admin\/\" title=\"Entradas de Rafael Echeverri Perico - Director cient\u00edfico DATAUM\" rel=\"author\">Rafael Echeverri Perico &#8211; Director cient\u00edfico DATAUM<\/a>\t\t\t\t<\/span>\n\t\t\t\t\t\t<\/div>\n\t\t\t<\/div>\n\t\t\t\t\t\t\t<div class='uagb-post__text'> \n\t\t\t\t\t<div class=\"uagb-post__excerpt\">\n\t\t\t\t\t\tConsideraciones sobre los factores que determinan los espacios econ\u00f3micos y territoriales, 2005\t\t\t\t\t<\/div>\n\t\t\t<\/div>\n\t\t\t\t\t\t\t\t<\/div>\n\t\t\t\t\t\t\t\t\t<\/article>\n\t\t\t\t\t\t\t\t<\/div>\n\t\t\t\t\t\t\t<\/div>\n\t\t\t\n\n\n<h3 class=\"has-ast-global-color-5-color has-ast-global-color-0-background-color has-text-color has-background wp-block-heading\" id=\"calidad-de-vida\">Demograf\u00eda<\/h3>\n\n\n\n\t\t\t<div class=\"uagb-post-grid  uagb-post__image-position-top uagb-block-93dcbdae    uagb-post__arrow-outside\" data-total=\"1\">\n\n\t\t\t\t<div class=\"uagb-post__items uagb-post__columns-4 is-carousel uagb-post__columns-tablet-2 uagb-post__columns-mobile-1\">\n\n\t\t\t\t\t\t\t\t<article >\n\t\t\t\t\t\t\t\t\t\t<div class=\"uagb-post__inner-wrap\">\n\t\t\t\t\t\t\t\t\t\t\t\t\t\t\t<div class='uagb-post__image'>\n\t\t\t\t<a href=\"https:\/\/dataum.info\/enfoque_territorial\/mitos-sobre-los-territorios-rurales-de-colombia\/\" target=\"_self\" rel=\"bookmark noopener noreferrer\"><img loading=\"lazy\" decoding=\"async\" width=\"300\" height=\"185\" src=\"https:\/\/dataum.info\/enfoque_territorial\/wp-content\/uploads\/2022\/02\/cultivos-2-C-2-300x185.jpg\" class=\"attachment-medium size-medium\" alt=\"\" srcset=\"https:\/\/dataum.info\/enfoque_territorial\/wp-content\/uploads\/2022\/02\/cultivos-2-C-2-300x185.jpg 300w, https:\/\/dataum.info\/enfoque_territorial\/wp-content\/uploads\/2022\/02\/cultivos-2-C-2.jpg 600w\" sizes=\"auto, (max-width: 300px) 100vw, 300px\" \/>\t\t\t\t<\/a>\n\t\t\t<\/div>\n\t\t\t\t\t\t<div class='uagb-post__text'> \n\t\t\t\t<h5 class=\"uagb-post__title\">\n\t\t\t\t\t<a href=\"https:\/\/dataum.info\/enfoque_territorial\/mitos-sobre-los-territorios-rurales-de-colombia\/\" target=\"_self\" rel=\"bookmark noopener noreferrer\">19 mitos sobre los territorios rurales de Colombia<\/a>\n\t\t\t\t<\/h5>\n\t\t\t<\/div>\n\t\t\t\t\t\t<div class='uagb-post__text'> \n\t\t\t<div class=\"uagb-post-grid-byline\">\n\t\t\t\t\t\t\t\t<span class=\"uagb-post__author\">\n\t\t\t\t\t<span class=\"dashicons-admin-users dashicons\"><\/span>\n\t\t\t\t\t<a href=\"https:\/\/dataum.info\/enfoque_territorial\/author\/admin\/\" title=\"Entradas de Rafael Echeverri Perico - Director cient\u00edfico DATAUM\" rel=\"author\">Rafael Echeverri Perico &#8211; Director cient\u00edfico DATAUM<\/a>\t\t\t\t<\/span>\n\t\t\t\t\t\t<\/div>\n\t\t\t<\/div>\n\t\t\t\t\t\t\t<div class='uagb-post__text'> \n\t\t\t\t\t<div class=\"uagb-post__excerpt\">\n\t\t\t\t\t\tLugares comunes y preconceptos sobre el mundo rural de Colombia, 2012\t\t\t\t\t<\/div>\n\t\t\t<\/div>\n\t\t\t\t\t\t\t\t<\/div>\n\t\t\t\t\t\t\t\t\t<\/article>\n\t\t\t\t\t\t\t\t<\/div>\n\t\t\t\t\t\t\t<\/div>\n\t\t\t\n\n\n<h3 class=\"has-ast-global-color-5-color has-ast-global-color-0-background-color has-text-color has-background wp-block-heading\" id=\"calidad-de-vida\">Instituciones pol\u00edticas territoriales<\/h3>\n\n\n\n\t\t\t<div class=\"uagb-post-grid  uagb-post__image-position-top uagb-block-8460e650    uagb-post__arrow-outside uagb-slick-carousel\" data-total=\"2\">\n\n\t\t\t\t<div class=\"uagb-post__items uagb-post__columns-4 is-carousel uagb-post__columns-tablet-2 uagb-post__columns-mobile-1\">\n\n\t\t\t\t\t\t\t\t<article >\n\t\t\t\t\t\t\t\t\t\t<div class=\"uagb-post__inner-wrap\">\n\t\t\t\t\t\t\t\t\t\t\t\t\t\t\t<div class='uagb-post__image'>\n\t\t\t\t<a href=\"https:\/\/dataum.info\/enfoque_territorial\/guatemala-y-sus-desafios-para-la-gestion-territorial\/\" target=\"_self\" rel=\"bookmark noopener noreferrer\"><img loading=\"lazy\" decoding=\"async\" width=\"300\" height=\"231\" src=\"https:\/\/dataum.info\/enfoque_territorial\/wp-content\/uploads\/2022\/02\/Guatemala-C-300x231.png\" class=\"attachment-medium size-medium\" alt=\"\" srcset=\"https:\/\/dataum.info\/enfoque_territorial\/wp-content\/uploads\/2022\/02\/Guatemala-C-300x231.png 300w, https:\/\/dataum.info\/enfoque_territorial\/wp-content\/uploads\/2022\/02\/Guatemala-C.png 600w\" sizes=\"auto, (max-width: 300px) 100vw, 300px\" \/>\t\t\t\t<\/a>\n\t\t\t<\/div>\n\t\t\t\t\t\t<div class='uagb-post__text'> \n\t\t\t\t<h5 class=\"uagb-post__title\">\n\t\t\t\t\t<a href=\"https:\/\/dataum.info\/enfoque_territorial\/guatemala-y-sus-desafios-para-la-gestion-territorial\/\" target=\"_self\" rel=\"bookmark noopener noreferrer\">Guatemala y sus desaf\u00edos para la gesti\u00f3n territorial<\/a>\n\t\t\t\t<\/h5>\n\t\t\t<\/div>\n\t\t\t\t\t\t<div class='uagb-post__text'> \n\t\t\t<div class=\"uagb-post-grid-byline\">\n\t\t\t\t\t\t\t\t<span class=\"uagb-post__author\">\n\t\t\t\t\t<span class=\"dashicons-admin-users dashicons\"><\/span>\n\t\t\t\t\t<a href=\"https:\/\/dataum.info\/enfoque_territorial\/author\/admin\/\" title=\"Entradas de Rafael Echeverri Perico - Director cient\u00edfico DATAUM\" rel=\"author\">Rafael Echeverri Perico &#8211; Director cient\u00edfico DATAUM<\/a>\t\t\t\t<\/span>\n\t\t\t\t\t\t<\/div>\n\t\t\t<\/div>\n\t\t\t\t\t\t\t<div class='uagb-post__text'> \n\t\t\t\t\t<div class=\"uagb-post__excerpt\">\n\t\t\t\t\t\tGuatemala ha sido uno de los pa\u00edses que mayor avance ha alcanzado en el desarrollo de instituciones para la adopci\u00f3n de enfoques territoriales en normas y organizaciones \/ SEGEPLAN, Proterritorios, 2007\t\t\t\t\t<\/div>\n\t\t\t<\/div>\n\t\t\t\t\t\t\t\t<\/div>\n\t\t\t\t\t\t\t\t\t<\/article>\n\t\t\t\t\t\t\t\t<article >\n\t\t\t\t\t\t\t\t\t\t<div class=\"uagb-post__inner-wrap\">\n\t\t\t\t\t\t\t\t\t\t\t\t\t\t\t<div class='uagb-post__image'>\n\t\t\t\t<a href=\"https:\/\/dataum.info\/enfoque_territorial\/enfoque-territorial-aplicado-en-brasil-territorios-de-ciudadania\/\" target=\"_self\" rel=\"bookmark noopener noreferrer\"><img loading=\"lazy\" decoding=\"async\" width=\"300\" height=\"176\" src=\"https:\/\/dataum.info\/enfoque_territorial\/wp-content\/uploads\/2022\/02\/territorios-ciudadani\u0301a-C-300x176.jpg\" class=\"attachment-medium size-medium\" alt=\"\" srcset=\"https:\/\/dataum.info\/enfoque_territorial\/wp-content\/uploads\/2022\/02\/territorios-ciudadani\u0301a-C-300x176.jpg 300w, https:\/\/dataum.info\/enfoque_territorial\/wp-content\/uploads\/2022\/02\/territorios-ciudadani\u0301a-C.jpg 600w\" sizes=\"auto, (max-width: 300px) 100vw, 300px\" \/>\t\t\t\t<\/a>\n\t\t\t<\/div>\n\t\t\t\t\t\t<div class='uagb-post__text'> \n\t\t\t\t<h5 class=\"uagb-post__title\">\n\t\t\t\t\t<a href=\"https:\/\/dataum.info\/enfoque_territorial\/enfoque-territorial-aplicado-en-brasil-territorios-de-ciudadania\/\" target=\"_self\" rel=\"bookmark noopener noreferrer\">Enfoque territorial aplicado en Brasil: Territorios de Ciudadan\u00eda<\/a>\n\t\t\t\t<\/h5>\n\t\t\t<\/div>\n\t\t\t\t\t\t<div class='uagb-post__text'> \n\t\t\t<div class=\"uagb-post-grid-byline\">\n\t\t\t\t\t\t\t\t<span class=\"uagb-post__author\">\n\t\t\t\t\t<span class=\"dashicons-admin-users dashicons\"><\/span>\n\t\t\t\t\t<a href=\"https:\/\/dataum.info\/enfoque_territorial\/author\/admin\/\" title=\"Entradas de Rafael Echeverri Perico - Director cient\u00edfico DATAUM\" rel=\"author\">Rafael Echeverri Perico &#8211; Director cient\u00edfico DATAUM<\/a>\t\t\t\t<\/span>\n\t\t\t\t\t\t<\/div>\n\t\t\t<\/div>\n\t\t\t\t\t\t\t<div class='uagb-post__text'> \n\t\t\t\t\t<div class=\"uagb-post__excerpt\">\n\t\t\t\t\t\tEl desarrollo con enfoque territorial tiene un ejemplo s\u00f3lido en el Programa Territorios de Ciudadan\u00eda, como caso emblem\u00e1tico en Am\u00e9rica, Ministerio de Desenvolvimento Agrario de Brasil, IICA, 2010\t\t\t\t\t<\/div>\n\t\t\t<\/div>\n\t\t\t\t\t\t\t\t<\/div>\n\t\t\t\t\t\t\t\t\t<\/article>\n\t\t\t\t\t\t\t\t<article >\n\t\t\t\t\t\t\t\t\t\t<div class=\"uagb-post__inner-wrap\">\n\t\t\t\t\t\t\t\t\t\t\t\t\t\t\t<div class='uagb-post__image'>\n\t\t\t\t<a href=\"https:\/\/dataum.info\/enfoque_territorial\/los-6-atributos-claves-de-la-ley-de-desarrollo-rural-con-enfoque-territorial-de-mexico\/\" target=\"_self\" rel=\"bookmark noopener noreferrer\"><img loading=\"lazy\" decoding=\"async\" width=\"300\" height=\"173\" src=\"https:\/\/dataum.info\/enfoque_territorial\/wp-content\/uploads\/2022\/02\/LDRS-C-300x173.jpg\" class=\"attachment-medium size-medium\" alt=\"\" srcset=\"https:\/\/dataum.info\/enfoque_territorial\/wp-content\/uploads\/2022\/02\/LDRS-C-300x173.jpg 300w, https:\/\/dataum.info\/enfoque_territorial\/wp-content\/uploads\/2022\/02\/LDRS-C.jpg 600w\" sizes=\"auto, (max-width: 300px) 100vw, 300px\" \/>\t\t\t\t<\/a>\n\t\t\t<\/div>\n\t\t\t\t\t\t<div class='uagb-post__text'> \n\t\t\t\t<h5 class=\"uagb-post__title\">\n\t\t\t\t\t<a href=\"https:\/\/dataum.info\/enfoque_territorial\/los-6-atributos-claves-de-la-ley-de-desarrollo-rural-con-enfoque-territorial-de-mexico\/\" target=\"_self\" rel=\"bookmark noopener noreferrer\">Los 6 atributos claves de la ley de desarrollo rural con enfoque territorial de M\u00e9xico<\/a>\n\t\t\t\t<\/h5>\n\t\t\t<\/div>\n\t\t\t\t\t\t<div class='uagb-post__text'> \n\t\t\t<div class=\"uagb-post-grid-byline\">\n\t\t\t\t\t\t\t\t<span class=\"uagb-post__author\">\n\t\t\t\t\t<span class=\"dashicons-admin-users dashicons\"><\/span>\n\t\t\t\t\t<a href=\"https:\/\/dataum.info\/enfoque_territorial\/author\/admin\/\" title=\"Entradas de Rafael Echeverri Perico - Director cient\u00edfico DATAUM\" rel=\"author\">Rafael Echeverri Perico &#8211; Director cient\u00edfico DATAUM<\/a>\t\t\t\t<\/span>\n\t\t\t\t\t\t<\/div>\n\t\t\t<\/div>\n\t\t\t\t\t\t\t<div class='uagb-post__text'> \n\t\t\t\t\t<div class=\"uagb-post__excerpt\">\n\t\t\t\t\t\tLa Ley de Desarrollo Rural Sustentable de 2001 es un referente de la aplicaci\u00f3n del enfoque territorial por razones como estas, IICA, 2006\t\t\t\t\t<\/div>\n\t\t\t<\/div>\n\t\t\t\t\t\t\t\t<\/div>\n\t\t\t\t\t\t\t\t\t<\/article>\n\t\t\t\t\t\t\t\t<article >\n\t\t\t\t\t\t\t\t\t\t<div class=\"uagb-post__inner-wrap\">\n\t\t\t\t\t\t\t\t\t\t\t\t\t\t\t<div class='uagb-post__image'>\n\t\t\t\t<a href=\"https:\/\/dataum.info\/enfoque_territorial\/el-enfoque-territorial-en-mexico\/\" target=\"_self\" rel=\"bookmark noopener noreferrer\"><img loading=\"lazy\" decoding=\"async\" width=\"300\" height=\"195\" src=\"https:\/\/dataum.info\/enfoque_territorial\/wp-content\/uploads\/2022\/02\/Me\u0301xicanidad-C-300x195.jpg\" class=\"attachment-medium size-medium\" alt=\"\" srcset=\"https:\/\/dataum.info\/enfoque_territorial\/wp-content\/uploads\/2022\/02\/Me\u0301xicanidad-C-300x195.jpg 300w, https:\/\/dataum.info\/enfoque_territorial\/wp-content\/uploads\/2022\/02\/Me\u0301xicanidad-C.jpg 600w\" sizes=\"auto, (max-width: 300px) 100vw, 300px\" \/>\t\t\t\t<\/a>\n\t\t\t<\/div>\n\t\t\t\t\t\t<div class='uagb-post__text'> \n\t\t\t\t<h5 class=\"uagb-post__title\">\n\t\t\t\t\t<a href=\"https:\/\/dataum.info\/enfoque_territorial\/el-enfoque-territorial-en-mexico\/\" target=\"_self\" rel=\"bookmark noopener noreferrer\">El enfoque territorial en M\u00e9xico<\/a>\n\t\t\t\t<\/h5>\n\t\t\t<\/div>\n\t\t\t\t\t\t<div class='uagb-post__text'> \n\t\t\t<div class=\"uagb-post-grid-byline\">\n\t\t\t\t\t\t\t\t<span class=\"uagb-post__author\">\n\t\t\t\t\t<span class=\"dashicons-admin-users dashicons\"><\/span>\n\t\t\t\t\t<a href=\"https:\/\/dataum.info\/enfoque_territorial\/author\/admin\/\" title=\"Entradas de Rafael Echeverri Perico - Director cient\u00edfico DATAUM\" rel=\"author\">Rafael Echeverri Perico &#8211; Director cient\u00edfico DATAUM<\/a>\t\t\t\t<\/span>\n\t\t\t\t\t\t<\/div>\n\t\t\t<\/div>\n\t\t\t\t\t\t\t<div class='uagb-post__text'> \n\t\t\t\t\t<div class=\"uagb-post__excerpt\">\n\t\t\t\t\t\tM\u00e9xico, desde 2001 ha implementado una estrategia de desarrollo rural sustentable con importantes \u00e9nfasis en un enfoque territorial \/ Proterritorios, IICA, 2014\t\t\t\t\t<\/div>\n\t\t\t<\/div>\n\t\t\t\t\t\t\t\t<\/div>\n\t\t\t\t\t\t\t\t\t<\/article>\n\t\t\t\t\t\t\t\t<article >\n\t\t\t\t\t\t\t\t\t\t<div class=\"uagb-post__inner-wrap\">\n\t\t\t\t\t\t\t\t\t\t\t\t\t\t\t<div class='uagb-post__image'>\n\t\t\t\t<a href=\"https:\/\/dataum.info\/enfoque_territorial\/precisiones-al-enfoque-territorial\/\" target=\"_self\" rel=\"bookmark noopener noreferrer\"><img loading=\"lazy\" decoding=\"async\" width=\"300\" height=\"188\" src=\"https:\/\/dataum.info\/enfoque_territorial\/wp-content\/uploads\/2022\/02\/dualidada-C-1-300x188.jpg\" class=\"attachment-medium size-medium\" alt=\"\" srcset=\"https:\/\/dataum.info\/enfoque_territorial\/wp-content\/uploads\/2022\/02\/dualidada-C-1-300x188.jpg 300w, https:\/\/dataum.info\/enfoque_territorial\/wp-content\/uploads\/2022\/02\/dualidada-C-1.jpg 600w\" sizes=\"auto, (max-width: 300px) 100vw, 300px\" \/>\t\t\t\t<\/a>\n\t\t\t<\/div>\n\t\t\t\t\t\t<div class='uagb-post__text'> \n\t\t\t\t<h5 class=\"uagb-post__title\">\n\t\t\t\t\t<a href=\"https:\/\/dataum.info\/enfoque_territorial\/precisiones-al-enfoque-territorial\/\" target=\"_self\" rel=\"bookmark noopener noreferrer\">Precisiones al enfoque territorial<\/a>\n\t\t\t\t<\/h5>\n\t\t\t<\/div>\n\t\t\t\t\t\t<div class='uagb-post__text'> \n\t\t\t<div class=\"uagb-post-grid-byline\">\n\t\t\t\t\t\t\t\t<span class=\"uagb-post__author\">\n\t\t\t\t\t<span class=\"dashicons-admin-users dashicons\"><\/span>\n\t\t\t\t\t<a href=\"https:\/\/dataum.info\/enfoque_territorial\/author\/admin\/\" title=\"Entradas de Rafael Echeverri Perico - Director cient\u00edfico DATAUM\" rel=\"author\">Rafael Echeverri Perico &#8211; Director cient\u00edfico DATAUM<\/a>\t\t\t\t<\/span>\n\t\t\t\t\t\t<\/div>\n\t\t\t<\/div>\n\t\t\t\t\t\t\t<div class='uagb-post__text'> \n\t\t\t\t\t<div class=\"uagb-post__excerpt\">\n\t\t\t\t\t\tDiversas dualidades conceptuales gravitan en torno al enfoque territorial, las cuales deben ser cuidadosamente abordadas \/ Proterritorios, IICA, 2009\t\t\t\t\t<\/div>\n\t\t\t<\/div>\n\t\t\t\t\t\t\t\t<\/div>\n\t\t\t\t\t\t\t\t\t<\/article>\n\t\t\t\t\t\t\t\t<article >\n\t\t\t\t\t\t\t\t\t\t<div class=\"uagb-post__inner-wrap\">\n\t\t\t\t\t\t\t\t\t\t\t\t\t\t\t<div class='uagb-post__image'>\n\t\t\t\t<a href=\"https:\/\/dataum.info\/enfoque_territorial\/cohesion-territorial-es-fundamento-de-la-paz\/\" target=\"_self\" rel=\"bookmark noopener noreferrer\"><img loading=\"lazy\" decoding=\"async\" width=\"300\" height=\"197\" src=\"https:\/\/dataum.info\/enfoque_territorial\/wp-content\/uploads\/2022\/02\/cohesio\u0301n-territorial-C-300x197.jpg\" class=\"attachment-medium size-medium\" alt=\"\" srcset=\"https:\/\/dataum.info\/enfoque_territorial\/wp-content\/uploads\/2022\/02\/cohesio\u0301n-territorial-C-300x197.jpg 300w, https:\/\/dataum.info\/enfoque_territorial\/wp-content\/uploads\/2022\/02\/cohesio\u0301n-territorial-C.jpg 600w\" sizes=\"auto, (max-width: 300px) 100vw, 300px\" \/>\t\t\t\t<\/a>\n\t\t\t<\/div>\n\t\t\t\t\t\t<div class='uagb-post__text'> \n\t\t\t\t<h5 class=\"uagb-post__title\">\n\t\t\t\t\t<a href=\"https:\/\/dataum.info\/enfoque_territorial\/cohesion-territorial-es-fundamento-de-la-paz\/\" target=\"_self\" rel=\"bookmark noopener noreferrer\">Cohesi\u00f3n territorial es fundamento de la paz<\/a>\n\t\t\t\t<\/h5>\n\t\t\t<\/div>\n\t\t\t\t\t\t<div class='uagb-post__text'> \n\t\t\t<div class=\"uagb-post-grid-byline\">\n\t\t\t\t\t\t\t\t<span class=\"uagb-post__author\">\n\t\t\t\t\t<span class=\"dashicons-admin-users dashicons\"><\/span>\n\t\t\t\t\t<a href=\"https:\/\/dataum.info\/enfoque_territorial\/author\/admin\/\" title=\"Entradas de Rafael Echeverri Perico - Director cient\u00edfico DATAUM\" rel=\"author\">Rafael Echeverri Perico &#8211; Director cient\u00edfico DATAUM<\/a>\t\t\t\t<\/span>\n\t\t\t\t\t\t<\/div>\n\t\t\t<\/div>\n\t\t\t\t\t\t\t<div class='uagb-post__text'> \n\t\t\t\t\t<div class=\"uagb-post__excerpt\">\n\t\t\t\t\t\tLa cohesi\u00f3n territorial acompa\u00f1a la cohesi\u00f3n social como una dupla poderosa para garantizar estabilidad en el desarrollo \/ Proterritorios, 2014\t\t\t\t\t<\/div>\n\t\t\t<\/div>\n\t\t\t\t\t\t\t\t<\/div>\n\t\t\t\t\t\t\t\t\t<\/article>\n\t\t\t\t\t\t\t\t<\/div>\n\t\t\t\t\t\t\t<\/div>\n\t\t\t\n\n\n<h3 class=\"has-ast-global-color-5-color has-ast-global-color-0-background-color has-text-color has-background wp-block-heading\" id=\"calidad-de-vida\">Ordenamiento territorial<\/h3>\n\n\n\n\t\t\t<div class=\"uagb-post-grid  uagb-post__image-position-top uagb-block-39c4d085    uagb-post__arrow-outside uagb-slick-carousel\" data-total=\"2\">\n\n\t\t\t\t<div class=\"uagb-post__items uagb-post__columns-4 is-carousel uagb-post__columns-tablet-2 uagb-post__columns-mobile-1\">\n\n\t\t\t\t\t\t\t\t<article >\n\t\t\t\t\t\t\t\t\t\t<div class=\"uagb-post__inner-wrap\">\n\t\t\t\t\t\t\t\t\t\t\t\t\t\t\t<div class='uagb-post__image'>\n\t\t\t\t<a href=\"https:\/\/dataum.info\/enfoque_territorial\/guatemala-y-sus-desafios-para-la-gestion-territorial\/\" target=\"_self\" rel=\"bookmark noopener noreferrer\"><img loading=\"lazy\" decoding=\"async\" width=\"300\" height=\"231\" src=\"https:\/\/dataum.info\/enfoque_territorial\/wp-content\/uploads\/2022\/02\/Guatemala-C-300x231.png\" class=\"attachment-medium size-medium\" alt=\"\" srcset=\"https:\/\/dataum.info\/enfoque_territorial\/wp-content\/uploads\/2022\/02\/Guatemala-C-300x231.png 300w, https:\/\/dataum.info\/enfoque_territorial\/wp-content\/uploads\/2022\/02\/Guatemala-C.png 600w\" sizes=\"auto, (max-width: 300px) 100vw, 300px\" \/>\t\t\t\t<\/a>\n\t\t\t<\/div>\n\t\t\t\t\t\t<div class='uagb-post__text'> \n\t\t\t\t<h5 class=\"uagb-post__title\">\n\t\t\t\t\t<a href=\"https:\/\/dataum.info\/enfoque_territorial\/guatemala-y-sus-desafios-para-la-gestion-territorial\/\" target=\"_self\" rel=\"bookmark noopener noreferrer\">Guatemala y sus desaf\u00edos para la gesti\u00f3n territorial<\/a>\n\t\t\t\t<\/h5>\n\t\t\t<\/div>\n\t\t\t\t\t\t<div class='uagb-post__text'> \n\t\t\t<div class=\"uagb-post-grid-byline\">\n\t\t\t\t\t\t\t\t<span class=\"uagb-post__author\">\n\t\t\t\t\t<span class=\"dashicons-admin-users dashicons\"><\/span>\n\t\t\t\t\t<a href=\"https:\/\/dataum.info\/enfoque_territorial\/author\/admin\/\" title=\"Entradas de Rafael Echeverri Perico - Director cient\u00edfico DATAUM\" rel=\"author\">Rafael Echeverri Perico &#8211; Director cient\u00edfico DATAUM<\/a>\t\t\t\t<\/span>\n\t\t\t\t\t\t<\/div>\n\t\t\t<\/div>\n\t\t\t\t\t\t\t<div class='uagb-post__text'> \n\t\t\t\t\t<div class=\"uagb-post__excerpt\">\n\t\t\t\t\t\tGuatemala ha sido uno de los pa\u00edses que mayor avance ha alcanzado en el desarrollo de instituciones para la adopci\u00f3n de enfoques territoriales en normas y organizaciones \/ SEGEPLAN, Proterritorios, 2007\t\t\t\t\t<\/div>\n\t\t\t<\/div>\n\t\t\t\t\t\t\t\t<\/div>\n\t\t\t\t\t\t\t\t\t<\/article>\n\t\t\t\t\t\t\t\t<article >\n\t\t\t\t\t\t\t\t\t\t<div class=\"uagb-post__inner-wrap\">\n\t\t\t\t\t\t\t\t\t\t\t\t\t\t\t<div class='uagb-post__image'>\n\t\t\t\t<a href=\"https:\/\/dataum.info\/enfoque_territorial\/enfoque-territorial-aplicado-en-brasil-territorios-de-ciudadania\/\" target=\"_self\" rel=\"bookmark noopener noreferrer\"><img loading=\"lazy\" decoding=\"async\" width=\"300\" height=\"176\" src=\"https:\/\/dataum.info\/enfoque_territorial\/wp-content\/uploads\/2022\/02\/territorios-ciudadani\u0301a-C-300x176.jpg\" class=\"attachment-medium size-medium\" alt=\"\" srcset=\"https:\/\/dataum.info\/enfoque_territorial\/wp-content\/uploads\/2022\/02\/territorios-ciudadani\u0301a-C-300x176.jpg 300w, https:\/\/dataum.info\/enfoque_territorial\/wp-content\/uploads\/2022\/02\/territorios-ciudadani\u0301a-C.jpg 600w\" sizes=\"auto, (max-width: 300px) 100vw, 300px\" \/>\t\t\t\t<\/a>\n\t\t\t<\/div>\n\t\t\t\t\t\t<div class='uagb-post__text'> \n\t\t\t\t<h5 class=\"uagb-post__title\">\n\t\t\t\t\t<a href=\"https:\/\/dataum.info\/enfoque_territorial\/enfoque-territorial-aplicado-en-brasil-territorios-de-ciudadania\/\" target=\"_self\" rel=\"bookmark noopener noreferrer\">Enfoque territorial aplicado en Brasil: Territorios de Ciudadan\u00eda<\/a>\n\t\t\t\t<\/h5>\n\t\t\t<\/div>\n\t\t\t\t\t\t<div class='uagb-post__text'> \n\t\t\t<div class=\"uagb-post-grid-byline\">\n\t\t\t\t\t\t\t\t<span class=\"uagb-post__author\">\n\t\t\t\t\t<span class=\"dashicons-admin-users dashicons\"><\/span>\n\t\t\t\t\t<a href=\"https:\/\/dataum.info\/enfoque_territorial\/author\/admin\/\" title=\"Entradas de Rafael Echeverri Perico - Director cient\u00edfico DATAUM\" rel=\"author\">Rafael Echeverri Perico &#8211; Director cient\u00edfico DATAUM<\/a>\t\t\t\t<\/span>\n\t\t\t\t\t\t<\/div>\n\t\t\t<\/div>\n\t\t\t\t\t\t\t<div class='uagb-post__text'> \n\t\t\t\t\t<div class=\"uagb-post__excerpt\">\n\t\t\t\t\t\tEl desarrollo con enfoque territorial tiene un ejemplo s\u00f3lido en el Programa Territorios de Ciudadan\u00eda, como caso emblem\u00e1tico en Am\u00e9rica, Ministerio de Desenvolvimento Agrario de Brasil, IICA, 2010\t\t\t\t\t<\/div>\n\t\t\t<\/div>\n\t\t\t\t\t\t\t\t<\/div>\n\t\t\t\t\t\t\t\t\t<\/article>\n\t\t\t\t\t\t\t\t<article >\n\t\t\t\t\t\t\t\t\t\t<div class=\"uagb-post__inner-wrap\">\n\t\t\t\t\t\t\t\t\t\t\t\t\t\t\t<div class='uagb-post__image'>\n\t\t\t\t<a href=\"https:\/\/dataum.info\/enfoque_territorial\/precisiones-al-enfoque-territorial\/\" target=\"_self\" rel=\"bookmark noopener noreferrer\"><img loading=\"lazy\" decoding=\"async\" width=\"300\" height=\"188\" src=\"https:\/\/dataum.info\/enfoque_territorial\/wp-content\/uploads\/2022\/02\/dualidada-C-1-300x188.jpg\" class=\"attachment-medium size-medium\" alt=\"\" srcset=\"https:\/\/dataum.info\/enfoque_territorial\/wp-content\/uploads\/2022\/02\/dualidada-C-1-300x188.jpg 300w, https:\/\/dataum.info\/enfoque_territorial\/wp-content\/uploads\/2022\/02\/dualidada-C-1.jpg 600w\" sizes=\"auto, (max-width: 300px) 100vw, 300px\" \/>\t\t\t\t<\/a>\n\t\t\t<\/div>\n\t\t\t\t\t\t<div class='uagb-post__text'> \n\t\t\t\t<h5 class=\"uagb-post__title\">\n\t\t\t\t\t<a href=\"https:\/\/dataum.info\/enfoque_territorial\/precisiones-al-enfoque-territorial\/\" target=\"_self\" rel=\"bookmark noopener noreferrer\">Precisiones al enfoque territorial<\/a>\n\t\t\t\t<\/h5>\n\t\t\t<\/div>\n\t\t\t\t\t\t<div class='uagb-post__text'> \n\t\t\t<div class=\"uagb-post-grid-byline\">\n\t\t\t\t\t\t\t\t<span class=\"uagb-post__author\">\n\t\t\t\t\t<span class=\"dashicons-admin-users dashicons\"><\/span>\n\t\t\t\t\t<a href=\"https:\/\/dataum.info\/enfoque_territorial\/author\/admin\/\" title=\"Entradas de Rafael Echeverri Perico - Director cient\u00edfico DATAUM\" rel=\"author\">Rafael Echeverri Perico &#8211; Director cient\u00edfico DATAUM<\/a>\t\t\t\t<\/span>\n\t\t\t\t\t\t<\/div>\n\t\t\t<\/div>\n\t\t\t\t\t\t\t<div class='uagb-post__text'> \n\t\t\t\t\t<div class=\"uagb-post__excerpt\">\n\t\t\t\t\t\tDiversas dualidades conceptuales gravitan en torno al enfoque territorial, las cuales deben ser cuidadosamente abordadas \/ Proterritorios, IICA, 2009\t\t\t\t\t<\/div>\n\t\t\t<\/div>\n\t\t\t\t\t\t\t\t<\/div>\n\t\t\t\t\t\t\t\t\t<\/article>\n\t\t\t\t\t\t\t\t<article >\n\t\t\t\t\t\t\t\t\t\t<div class=\"uagb-post__inner-wrap\">\n\t\t\t\t\t\t\t\t\t\t\t\t\t\t\t<div class='uagb-post__image'>\n\t\t\t\t<a href=\"https:\/\/dataum.info\/enfoque_territorial\/cohesion-territorial-es-fundamento-de-la-paz\/\" target=\"_self\" rel=\"bookmark noopener noreferrer\"><img loading=\"lazy\" decoding=\"async\" width=\"300\" height=\"197\" src=\"https:\/\/dataum.info\/enfoque_territorial\/wp-content\/uploads\/2022\/02\/cohesio\u0301n-territorial-C-300x197.jpg\" class=\"attachment-medium size-medium\" alt=\"\" srcset=\"https:\/\/dataum.info\/enfoque_territorial\/wp-content\/uploads\/2022\/02\/cohesio\u0301n-territorial-C-300x197.jpg 300w, https:\/\/dataum.info\/enfoque_territorial\/wp-content\/uploads\/2022\/02\/cohesio\u0301n-territorial-C.jpg 600w\" sizes=\"auto, (max-width: 300px) 100vw, 300px\" \/>\t\t\t\t<\/a>\n\t\t\t<\/div>\n\t\t\t\t\t\t<div class='uagb-post__text'> \n\t\t\t\t<h5 class=\"uagb-post__title\">\n\t\t\t\t\t<a href=\"https:\/\/dataum.info\/enfoque_territorial\/cohesion-territorial-es-fundamento-de-la-paz\/\" target=\"_self\" rel=\"bookmark noopener noreferrer\">Cohesi\u00f3n territorial es fundamento de la paz<\/a>\n\t\t\t\t<\/h5>\n\t\t\t<\/div>\n\t\t\t\t\t\t<div class='uagb-post__text'> \n\t\t\t<div class=\"uagb-post-grid-byline\">\n\t\t\t\t\t\t\t\t<span class=\"uagb-post__author\">\n\t\t\t\t\t<span class=\"dashicons-admin-users dashicons\"><\/span>\n\t\t\t\t\t<a href=\"https:\/\/dataum.info\/enfoque_territorial\/author\/admin\/\" title=\"Entradas de Rafael Echeverri Perico - Director cient\u00edfico DATAUM\" rel=\"author\">Rafael Echeverri Perico &#8211; Director cient\u00edfico DATAUM<\/a>\t\t\t\t<\/span>\n\t\t\t\t\t\t<\/div>\n\t\t\t<\/div>\n\t\t\t\t\t\t\t<div class='uagb-post__text'> \n\t\t\t\t\t<div class=\"uagb-post__excerpt\">\n\t\t\t\t\t\tLa cohesi\u00f3n territorial acompa\u00f1a la cohesi\u00f3n social como una dupla poderosa para garantizar estabilidad en el desarrollo \/ Proterritorios, 2014\t\t\t\t\t<\/div>\n\t\t\t<\/div>\n\t\t\t\t\t\t\t\t<\/div>\n\t\t\t\t\t\t\t\t\t<\/article>\n\t\t\t\t\t\t\t\t<article >\n\t\t\t\t\t\t\t\t\t\t<div class=\"uagb-post__inner-wrap\">\n\t\t\t\t\t\t\t\t\t\t\t\t\t\t\t<div class='uagb-post__image'>\n\t\t\t\t<a href=\"https:\/\/dataum.info\/enfoque_territorial\/el-enfoque-territorial-incorpora-integralmente-lo-rural\/\" target=\"_self\" rel=\"bookmark noopener noreferrer\"><img loading=\"lazy\" decoding=\"async\" width=\"300\" height=\"200\" src=\"https:\/\/dataum.info\/enfoque_territorial\/wp-content\/uploads\/2022\/02\/pueblo-en-litoral-C-300x200.jpg\" class=\"attachment-medium size-medium\" alt=\"\" srcset=\"https:\/\/dataum.info\/enfoque_territorial\/wp-content\/uploads\/2022\/02\/pueblo-en-litoral-C-300x200.jpg 300w, https:\/\/dataum.info\/enfoque_territorial\/wp-content\/uploads\/2022\/02\/pueblo-en-litoral-C.jpg 600w\" sizes=\"auto, (max-width: 300px) 100vw, 300px\" \/>\t\t\t\t<\/a>\n\t\t\t<\/div>\n\t\t\t\t\t\t<div class='uagb-post__text'> \n\t\t\t\t<h5 class=\"uagb-post__title\">\n\t\t\t\t\t<a href=\"https:\/\/dataum.info\/enfoque_territorial\/el-enfoque-territorial-incorpora-integralmente-lo-rural\/\" target=\"_self\" rel=\"bookmark noopener noreferrer\">El enfoque territorial incorpora integralmente lo rural<\/a>\n\t\t\t\t<\/h5>\n\t\t\t<\/div>\n\t\t\t\t\t\t<div class='uagb-post__text'> \n\t\t\t<div class=\"uagb-post-grid-byline\">\n\t\t\t\t\t\t\t\t<span class=\"uagb-post__author\">\n\t\t\t\t\t<span class=\"dashicons-admin-users dashicons\"><\/span>\n\t\t\t\t\t<a href=\"https:\/\/dataum.info\/enfoque_territorial\/author\/admin\/\" title=\"Entradas de Rafael Echeverri Perico - Director cient\u00edfico DATAUM\" rel=\"author\">Rafael Echeverri Perico &#8211; Director cient\u00edfico DATAUM<\/a>\t\t\t\t<\/span>\n\t\t\t\t\t\t<\/div>\n\t\t\t<\/div>\n\t\t\t\t\t\t\t<div class='uagb-post__text'> \n\t\t\t\t\t<div class=\"uagb-post__excerpt\">\n\t\t\t\t\t\tLa definici\u00f3n distinci\u00f3n entre lo urbano y lo rural ha conducido a una falsa dicotom\u00eda que es abordada adecuadamente por el enfoque territorial, CEPAL, IICA, Proterritorios, 2012\t\t\t\t\t<\/div>\n\t\t\t<\/div>\n\t\t\t\t\t\t\t\t<\/div>\n\t\t\t\t\t\t\t\t\t<\/article>\n\t\t\t\t\t\t\t\t<article >\n\t\t\t\t\t\t\t\t\t\t<div class=\"uagb-post__inner-wrap\">\n\t\t\t\t\t\t\t\t\t\t\t\t\t\t\t<div class='uagb-post__image'>\n\t\t\t\t<a href=\"https:\/\/dataum.info\/enfoque_territorial\/logicas-de-localizacion-territorial\/\" target=\"_self\" rel=\"bookmark noopener noreferrer\"><img loading=\"lazy\" decoding=\"async\" width=\"300\" height=\"205\" src=\"https:\/\/dataum.info\/enfoque_territorial\/wp-content\/uploads\/2022\/02\/imagen-campo-agri\u0301cola-C-2-300x205.jpg\" class=\"attachment-medium size-medium\" alt=\"\" srcset=\"https:\/\/dataum.info\/enfoque_territorial\/wp-content\/uploads\/2022\/02\/imagen-campo-agri\u0301cola-C-2-300x205.jpg 300w, https:\/\/dataum.info\/enfoque_territorial\/wp-content\/uploads\/2022\/02\/imagen-campo-agri\u0301cola-C-2.jpg 600w\" sizes=\"auto, (max-width: 300px) 100vw, 300px\" \/>\t\t\t\t<\/a>\n\t\t\t<\/div>\n\t\t\t\t\t\t<div class='uagb-post__text'> \n\t\t\t\t<h5 class=\"uagb-post__title\">\n\t\t\t\t\t<a href=\"https:\/\/dataum.info\/enfoque_territorial\/logicas-de-localizacion-territorial\/\" target=\"_self\" rel=\"bookmark noopener noreferrer\">L\u00f3gicas de localizaci\u00f3n territorial<\/a>\n\t\t\t\t<\/h5>\n\t\t\t<\/div>\n\t\t\t\t\t\t<div class='uagb-post__text'> \n\t\t\t<div class=\"uagb-post-grid-byline\">\n\t\t\t\t\t\t\t\t<span class=\"uagb-post__author\">\n\t\t\t\t\t<span class=\"dashicons-admin-users dashicons\"><\/span>\n\t\t\t\t\t<a href=\"https:\/\/dataum.info\/enfoque_territorial\/author\/admin\/\" title=\"Entradas de Rafael Echeverri Perico - Director cient\u00edfico DATAUM\" rel=\"author\">Rafael Echeverri Perico &#8211; Director cient\u00edfico DATAUM<\/a>\t\t\t\t<\/span>\n\t\t\t\t\t\t<\/div>\n\t\t\t<\/div>\n\t\t\t\t\t\t\t<div class='uagb-post__text'> \n\t\t\t\t\t<div class=\"uagb-post__excerpt\">\n\t\t\t\t\t\tConsideraciones sobre los factores que determinan los espacios econ\u00f3micos y territoriales, 2005\t\t\t\t\t<\/div>\n\t\t\t<\/div>\n\t\t\t\t\t\t\t\t<\/div>\n\t\t\t\t\t\t\t\t\t<\/article>\n\t\t\t\t\t\t\t\t<\/div>\n\t\t\t\t\t\t\t<\/div>\n\t\t\t\n\n\n<h3 class=\"has-ast-global-color-5-color has-ast-global-color-0-background-color has-text-color has-background wp-block-heading\" id=\"calidad-de-vida\">Sociedad y territorio<\/h3>\n\n\n\n\t\t\t<div class=\"uagb-post-grid  uagb-post__image-position-top uagb-block-ea04f39c    uagb-post__arrow-outside uagb-slick-carousel\" data-total=\"2\">\n\n\t\t\t\t<div class=\"uagb-post__items uagb-post__columns-4 is-carousel uagb-post__columns-tablet-2 uagb-post__columns-mobile-1\">\n\n\t\t\t\t\t\t\t\t<article >\n\t\t\t\t\t\t\t\t\t\t<div class=\"uagb-post__inner-wrap\">\n\t\t\t\t\t\t\t\t\t\t\t\t\t\t\t<div class='uagb-post__image'>\n\t\t\t\t<a href=\"https:\/\/dataum.info\/enfoque_territorial\/325-2\/\" target=\"_self\" rel=\"bookmark noopener noreferrer\"><img loading=\"lazy\" decoding=\"async\" width=\"300\" height=\"196\" src=\"https:\/\/dataum.info\/enfoque_territorial\/wp-content\/uploads\/2022\/02\/pobre-rico-300x196.png\" class=\"attachment-medium size-medium\" alt=\"\" srcset=\"https:\/\/dataum.info\/enfoque_territorial\/wp-content\/uploads\/2022\/02\/pobre-rico-300x196.png 300w, https:\/\/dataum.info\/enfoque_territorial\/wp-content\/uploads\/2022\/02\/pobre-rico.png 600w\" sizes=\"auto, (max-width: 300px) 100vw, 300px\" \/>\t\t\t\t<\/a>\n\t\t\t<\/div>\n\t\t\t\t\t\t<div class='uagb-post__text'> \n\t\t\t\t<h5 class=\"uagb-post__title\">\n\t\t\t\t\t<a href=\"https:\/\/dataum.info\/enfoque_territorial\/325-2\/\" target=\"_self\" rel=\"bookmark noopener noreferrer\">Pobreza y sostenibilidad en el enfoque territorial<\/a>\n\t\t\t\t<\/h5>\n\t\t\t<\/div>\n\t\t\t\t\t\t<div class='uagb-post__text'> \n\t\t\t<div class=\"uagb-post-grid-byline\">\n\t\t\t\t\t\t\t\t<span class=\"uagb-post__author\">\n\t\t\t\t\t<span class=\"dashicons-admin-users dashicons\"><\/span>\n\t\t\t\t\t<a href=\"https:\/\/dataum.info\/enfoque_territorial\/author\/admin\/\" title=\"Entradas de Rafael Echeverri Perico - Director cient\u00edfico DATAUM\" rel=\"author\">Rafael Echeverri Perico &#8211; Director cient\u00edfico DATAUM<\/a>\t\t\t\t<\/span>\n\t\t\t\t\t\t<\/div>\n\t\t\t<\/div>\n\t\t\t\t\t\t\t<div class='uagb-post__text'> \n\t\t\t\t\t<div class=\"uagb-post__excerpt\">\n\t\t\t\t\t\tEl cambio de modelo implica una nueva forma de producci\u00f3n y consumo, basada en el desarrollo sostenible y un enfoque territorial \/ SEGEPLAN Guatemala, 2005\t\t\t\t\t<\/div>\n\t\t\t<\/div>\n\t\t\t\t\t\t\t\t<\/div>\n\t\t\t\t\t\t\t\t\t<\/article>\n\t\t\t\t\t\t\t\t<article >\n\t\t\t\t\t\t\t\t\t\t<div class=\"uagb-post__inner-wrap\">\n\t\t\t\t\t\t\t\t\t\t\t\t\t\t\t<div class='uagb-post__image'>\n\t\t\t\t<a href=\"https:\/\/dataum.info\/enfoque_territorial\/agricultura-familiar-en-las-zonas-aridas-de-mexico\/\" target=\"_self\" rel=\"bookmark noopener noreferrer\"><img loading=\"lazy\" decoding=\"async\" width=\"300\" height=\"188\" src=\"https:\/\/dataum.info\/enfoque_territorial\/wp-content\/uploads\/2022\/02\/norte-de-me\u0301xico-C-300x188.jpg\" class=\"attachment-medium size-medium\" alt=\"\" srcset=\"https:\/\/dataum.info\/enfoque_territorial\/wp-content\/uploads\/2022\/02\/norte-de-me\u0301xico-C-300x188.jpg 300w, https:\/\/dataum.info\/enfoque_territorial\/wp-content\/uploads\/2022\/02\/norte-de-me\u0301xico-C.jpg 600w\" sizes=\"auto, (max-width: 300px) 100vw, 300px\" \/>\t\t\t\t<\/a>\n\t\t\t<\/div>\n\t\t\t\t\t\t<div class='uagb-post__text'> \n\t\t\t\t<h5 class=\"uagb-post__title\">\n\t\t\t\t\t<a href=\"https:\/\/dataum.info\/enfoque_territorial\/agricultura-familiar-en-las-zonas-aridas-de-mexico\/\" target=\"_self\" rel=\"bookmark noopener noreferrer\">Agricultura familiar en las zonas \u00e1ridas de M\u00e9xico<\/a>\n\t\t\t\t<\/h5>\n\t\t\t<\/div>\n\t\t\t\t\t\t<div class='uagb-post__text'> \n\t\t\t<div class=\"uagb-post-grid-byline\">\n\t\t\t\t\t\t\t\t<span class=\"uagb-post__author\">\n\t\t\t\t\t<span class=\"dashicons-admin-users dashicons\"><\/span>\n\t\t\t\t\t<a href=\"https:\/\/dataum.info\/enfoque_territorial\/author\/admin\/\" title=\"Entradas de Rafael Echeverri Perico - Director cient\u00edfico DATAUM\" rel=\"author\">Rafael Echeverri Perico &#8211; Director cient\u00edfico DATAUM<\/a>\t\t\t\t<\/span>\n\t\t\t\t\t\t<\/div>\n\t\t\t<\/div>\n\t\t\t\t\t\t\t<div class='uagb-post__text'> \n\t\t\t\t\t<div class=\"uagb-post__excerpt\">\n\t\t\t\t\t\tIntegraci\u00f3n territorial de la agricultura familiar en las regiones del norte de M\u00e9xico, sus desaf\u00edos de pol\u00edtica p\u00fablica \/ SAGARPA, IICA, 2014\t\t\t\t\t<\/div>\n\t\t\t<\/div>\n\t\t\t\t\t\t\t\t<\/div>\n\t\t\t\t\t\t\t\t\t<\/article>\n\t\t\t\t\t\t\t\t<article >\n\t\t\t\t\t\t\t\t\t\t<div class=\"uagb-post__inner-wrap\">\n\t\t\t\t\t\t\t\t\t\t\t\t\t\t\t<div class='uagb-post__image'>\n\t\t\t\t<a href=\"https:\/\/dataum.info\/enfoque_territorial\/atencion-a-la-pobreza-en-un-enfoque-territorial\/\" target=\"_self\" rel=\"bookmark noopener noreferrer\"><img loading=\"lazy\" decoding=\"async\" width=\"300\" height=\"242\" src=\"https:\/\/dataum.info\/enfoque_territorial\/wp-content\/uploads\/2022\/02\/marginalidad-urbana-C-300x242.jpg\" class=\"attachment-medium size-medium\" alt=\"\" srcset=\"https:\/\/dataum.info\/enfoque_territorial\/wp-content\/uploads\/2022\/02\/marginalidad-urbana-C-300x242.jpg 300w, https:\/\/dataum.info\/enfoque_territorial\/wp-content\/uploads\/2022\/02\/marginalidad-urbana-C.jpg 600w\" sizes=\"auto, (max-width: 300px) 100vw, 300px\" \/>\t\t\t\t<\/a>\n\t\t\t<\/div>\n\t\t\t\t\t\t<div class='uagb-post__text'> \n\t\t\t\t<h5 class=\"uagb-post__title\">\n\t\t\t\t\t<a href=\"https:\/\/dataum.info\/enfoque_territorial\/atencion-a-la-pobreza-en-un-enfoque-territorial\/\" target=\"_self\" rel=\"bookmark noopener noreferrer\">Atenci\u00f3n a la pobreza en un enfoque territorial<\/a>\n\t\t\t\t<\/h5>\n\t\t\t<\/div>\n\t\t\t\t\t\t<div class='uagb-post__text'> \n\t\t\t<div class=\"uagb-post-grid-byline\">\n\t\t\t\t\t\t\t\t<span class=\"uagb-post__author\">\n\t\t\t\t\t<span class=\"dashicons-admin-users dashicons\"><\/span>\n\t\t\t\t\t<a href=\"https:\/\/dataum.info\/enfoque_territorial\/author\/admin\/\" title=\"Entradas de Rafael Echeverri Perico - Director cient\u00edfico DATAUM\" rel=\"author\">Rafael Echeverri Perico &#8211; Director cient\u00edfico DATAUM<\/a>\t\t\t\t<\/span>\n\t\t\t\t\t\t<\/div>\n\t\t\t<\/div>\n\t\t\t\t\t\t\t<div class='uagb-post__text'> \n\t\t\t\t\t<div class=\"uagb-post__excerpt\">\n\t\t\t\t\t\tImplicaciones econ\u00f3micas y sociales de las definiciones t\u00e9cnicas y pol\u00edticas de la pobreza en el enfoque territorial, Proterritorios, SEGIB, 2014\t\t\t\t\t<\/div>\n\t\t\t<\/div>\n\t\t\t\t\t\t\t\t<\/div>\n\t\t\t\t\t\t\t\t\t<\/article>\n\t\t\t\t\t\t\t\t<article >\n\t\t\t\t\t\t\t\t\t\t<div class=\"uagb-post__inner-wrap\">\n\t\t\t\t\t\t\t\t\t\t\t\t\t\t\t<div class='uagb-post__image'>\n\t\t\t\t<a href=\"https:\/\/dataum.info\/enfoque_territorial\/las-politicas-economicas-y-sociales-en-los-territorios\/\" target=\"_self\" rel=\"bookmark noopener noreferrer\"><img loading=\"lazy\" decoding=\"async\" width=\"300\" height=\"201\" src=\"https:\/\/dataum.info\/enfoque_territorial\/wp-content\/uploads\/2022\/02\/marcando-mapas-C-300x201.jpg\" class=\"attachment-medium size-medium\" alt=\"\" srcset=\"https:\/\/dataum.info\/enfoque_territorial\/wp-content\/uploads\/2022\/02\/marcando-mapas-C-300x201.jpg 300w, https:\/\/dataum.info\/enfoque_territorial\/wp-content\/uploads\/2022\/02\/marcando-mapas-C.jpg 600w\" sizes=\"auto, (max-width: 300px) 100vw, 300px\" \/>\t\t\t\t<\/a>\n\t\t\t<\/div>\n\t\t\t\t\t\t<div class='uagb-post__text'> \n\t\t\t\t<h5 class=\"uagb-post__title\">\n\t\t\t\t\t<a href=\"https:\/\/dataum.info\/enfoque_territorial\/las-politicas-economicas-y-sociales-en-los-territorios\/\" target=\"_self\" rel=\"bookmark noopener noreferrer\">Las pol\u00edticas econ\u00f3micas y sociales en los territorios<\/a>\n\t\t\t\t<\/h5>\n\t\t\t<\/div>\n\t\t\t\t\t\t<div class='uagb-post__text'> \n\t\t\t<div class=\"uagb-post-grid-byline\">\n\t\t\t\t\t\t\t\t<span class=\"uagb-post__author\">\n\t\t\t\t\t<span class=\"dashicons-admin-users dashicons\"><\/span>\n\t\t\t\t\t<a href=\"https:\/\/dataum.info\/enfoque_territorial\/author\/admin\/\" title=\"Entradas de Rafael Echeverri Perico - Director cient\u00edfico DATAUM\" rel=\"author\">Rafael Echeverri Perico &#8211; Director cient\u00edfico DATAUM<\/a>\t\t\t\t<\/span>\n\t\t\t\t\t\t<\/div>\n\t\t\t<\/div>\n\t\t\t\t\t\t\t<div class='uagb-post__text'> \n\t\t\t\t\t<div class=\"uagb-post__excerpt\">\n\t\t\t\t\t\tEl territorio es el articulador de las pol\u00edticas econ\u00f3micas y sociales y de la construcci\u00f3n de democracia \/ Proterritorios, IICA, 2013\t\t\t\t\t<\/div>\n\t\t\t<\/div>\n\t\t\t\t\t\t\t\t<\/div>\n\t\t\t\t\t\t\t\t\t<\/article>\n\t\t\t\t\t\t\t\t<article >\n\t\t\t\t\t\t\t\t\t\t<div class=\"uagb-post__inner-wrap\">\n\t\t\t\t\t\t\t\t\t\t\t\t\t\t\t<div class='uagb-post__image'>\n\t\t\t\t<a href=\"https:\/\/dataum.info\/enfoque_territorial\/importancia-de-los-territorios-rurales\/\" target=\"_self\" rel=\"bookmark noopener noreferrer\"><img loading=\"lazy\" decoding=\"async\" width=\"300\" height=\"200\" src=\"https:\/\/dataum.info\/enfoque_territorial\/wp-content\/uploads\/2022\/02\/cultivo-3-C-300x200.jpg\" class=\"attachment-medium size-medium\" alt=\"\" srcset=\"https:\/\/dataum.info\/enfoque_territorial\/wp-content\/uploads\/2022\/02\/cultivo-3-C-300x200.jpg 300w, https:\/\/dataum.info\/enfoque_territorial\/wp-content\/uploads\/2022\/02\/cultivo-3-C.jpg 600w\" sizes=\"auto, (max-width: 300px) 100vw, 300px\" \/>\t\t\t\t<\/a>\n\t\t\t<\/div>\n\t\t\t\t\t\t<div class='uagb-post__text'> \n\t\t\t\t<h5 class=\"uagb-post__title\">\n\t\t\t\t\t<a href=\"https:\/\/dataum.info\/enfoque_territorial\/importancia-de-los-territorios-rurales\/\" target=\"_self\" rel=\"bookmark noopener noreferrer\">Importancia de los territorios rurales<\/a>\n\t\t\t\t<\/h5>\n\t\t\t<\/div>\n\t\t\t\t\t\t<div class='uagb-post__text'> \n\t\t\t<div class=\"uagb-post-grid-byline\">\n\t\t\t\t\t\t\t\t<span class=\"uagb-post__author\">\n\t\t\t\t\t<span class=\"dashicons-admin-users dashicons\"><\/span>\n\t\t\t\t\t<a href=\"https:\/\/dataum.info\/enfoque_territorial\/author\/admin\/\" title=\"Entradas de Rafael Echeverri Perico - Director cient\u00edfico DATAUM\" rel=\"author\">Rafael Echeverri Perico &#8211; Director cient\u00edfico DATAUM<\/a>\t\t\t\t<\/span>\n\t\t\t\t\t\t<\/div>\n\t\t\t<\/div>\n\t\t\t\t\t\t\t<div class='uagb-post__text'> \n\t\t\t\t\t<div class=\"uagb-post__excerpt\">\n\t\t\t\t\t\tFactores que determinan el peso y contribuci\u00f3n de los territorios rurales al desarrollo de la naci\u00f3n \/ Proterritorios, 2002\t\t\t\t\t<\/div>\n\t\t\t<\/div>\n\t\t\t\t\t\t\t\t<\/div>\n\t\t\t\t\t\t\t\t\t<\/article>\n\t\t\t\t\t\t\t\t<article >\n\t\t\t\t\t\t\t\t\t\t<div class=\"uagb-post__inner-wrap\">\n\t\t\t\t\t\t\t\t\t\t\t\t\t\t\t<div class='uagb-post__image'>\n\t\t\t\t<a href=\"https:\/\/dataum.info\/enfoque_territorial\/mitos-sobre-los-territorios-rurales-de-colombia\/\" target=\"_self\" rel=\"bookmark noopener noreferrer\"><img loading=\"lazy\" decoding=\"async\" width=\"300\" height=\"185\" src=\"https:\/\/dataum.info\/enfoque_territorial\/wp-content\/uploads\/2022\/02\/cultivos-2-C-2-300x185.jpg\" class=\"attachment-medium size-medium\" alt=\"\" srcset=\"https:\/\/dataum.info\/enfoque_territorial\/wp-content\/uploads\/2022\/02\/cultivos-2-C-2-300x185.jpg 300w, https:\/\/dataum.info\/enfoque_territorial\/wp-content\/uploads\/2022\/02\/cultivos-2-C-2.jpg 600w\" sizes=\"auto, (max-width: 300px) 100vw, 300px\" \/>\t\t\t\t<\/a>\n\t\t\t<\/div>\n\t\t\t\t\t\t<div class='uagb-post__text'> \n\t\t\t\t<h5 class=\"uagb-post__title\">\n\t\t\t\t\t<a href=\"https:\/\/dataum.info\/enfoque_territorial\/mitos-sobre-los-territorios-rurales-de-colombia\/\" target=\"_self\" rel=\"bookmark noopener noreferrer\">19 mitos sobre los territorios rurales de Colombia<\/a>\n\t\t\t\t<\/h5>\n\t\t\t<\/div>\n\t\t\t\t\t\t<div class='uagb-post__text'> \n\t\t\t<div class=\"uagb-post-grid-byline\">\n\t\t\t\t\t\t\t\t<span class=\"uagb-post__author\">\n\t\t\t\t\t<span class=\"dashicons-admin-users dashicons\"><\/span>\n\t\t\t\t\t<a href=\"https:\/\/dataum.info\/enfoque_territorial\/author\/admin\/\" title=\"Entradas de Rafael Echeverri Perico - Director cient\u00edfico DATAUM\" rel=\"author\">Rafael Echeverri Perico &#8211; Director cient\u00edfico DATAUM<\/a>\t\t\t\t<\/span>\n\t\t\t\t\t\t<\/div>\n\t\t\t<\/div>\n\t\t\t\t\t\t\t<div class='uagb-post__text'> \n\t\t\t\t\t<div class=\"uagb-post__excerpt\">\n\t\t\t\t\t\tLugares comunes y preconceptos sobre el mundo rural de Colombia, 2012\t\t\t\t\t<\/div>\n\t\t\t<\/div>\n\t\t\t\t\t\t\t\t<\/div>\n\t\t\t\t\t\t\t\t\t<\/article>\n\t\t\t\t\t\t\t\t<\/div>\n\t\t\t\t\t\t\t<\/div>\n\t\t\t\n\n\n<h3 class=\"has-ast-global-color-5-color has-ast-global-color-0-background-color has-text-color has-background wp-block-heading\" id=\"calidad-de-vida\">Medio ambiente<\/h3>\n\n\n\n\t\t\t<div class=\"uagb-post-grid  uagb-post__image-position-top uagb-block-7729adbe    uagb-post__arrow-outside\" data-total=\"1\">\n\n\t\t\t\t<div class=\"uagb-post__items uagb-post__columns-4 is-carousel uagb-post__columns-tablet-2 uagb-post__columns-mobile-1\">\n\n\t\t\t\t\t\t\t\t<article >\n\t\t\t\t\t\t\t\t\t\t<div class=\"uagb-post__inner-wrap\">\n\t\t\t\t\t\t\t\t\t\t\t\t\t\t\t<div class='uagb-post__image'>\n\t\t\t\t<a href=\"https:\/\/dataum.info\/enfoque_territorial\/325-2\/\" target=\"_self\" rel=\"bookmark noopener noreferrer\"><img loading=\"lazy\" decoding=\"async\" width=\"300\" height=\"196\" src=\"https:\/\/dataum.info\/enfoque_territorial\/wp-content\/uploads\/2022\/02\/pobre-rico-300x196.png\" class=\"attachment-medium size-medium\" alt=\"\" srcset=\"https:\/\/dataum.info\/enfoque_territorial\/wp-content\/uploads\/2022\/02\/pobre-rico-300x196.png 300w, https:\/\/dataum.info\/enfoque_territorial\/wp-content\/uploads\/2022\/02\/pobre-rico.png 600w\" sizes=\"auto, (max-width: 300px) 100vw, 300px\" \/>\t\t\t\t<\/a>\n\t\t\t<\/div>\n\t\t\t\t\t\t<div class='uagb-post__text'> \n\t\t\t\t<h5 class=\"uagb-post__title\">\n\t\t\t\t\t<a href=\"https:\/\/dataum.info\/enfoque_territorial\/325-2\/\" target=\"_self\" rel=\"bookmark noopener noreferrer\">Pobreza y sostenibilidad en el enfoque territorial<\/a>\n\t\t\t\t<\/h5>\n\t\t\t<\/div>\n\t\t\t\t\t\t<div class='uagb-post__text'> \n\t\t\t<div class=\"uagb-post-grid-byline\">\n\t\t\t\t\t\t\t\t<span class=\"uagb-post__author\">\n\t\t\t\t\t<span class=\"dashicons-admin-users dashicons\"><\/span>\n\t\t\t\t\t<a href=\"https:\/\/dataum.info\/enfoque_territorial\/author\/admin\/\" title=\"Entradas de Rafael Echeverri Perico - Director cient\u00edfico DATAUM\" rel=\"author\">Rafael Echeverri Perico &#8211; Director cient\u00edfico DATAUM<\/a>\t\t\t\t<\/span>\n\t\t\t\t\t\t<\/div>\n\t\t\t<\/div>\n\t\t\t\t\t\t\t<div class='uagb-post__text'> \n\t\t\t\t\t<div class=\"uagb-post__excerpt\">\n\t\t\t\t\t\tEl cambio de modelo implica una nueva forma de producci\u00f3n y consumo, basada en el desarrollo sostenible y un enfoque territorial \/ SEGEPLAN Guatemala, 2005\t\t\t\t\t<\/div>\n\t\t\t<\/div>\n\t\t\t\t\t\t\t\t<\/div>\n\t\t\t\t\t\t\t\t\t<\/article>\n\t\t\t\t\t\t\t\t<article >\n\t\t\t\t\t\t\t\t\t\t<div class=\"uagb-post__inner-wrap\">\n\t\t\t\t\t\t\t\t\t\t\t\t\t\t\t<div class='uagb-post__image'>\n\t\t\t\t<a href=\"https:\/\/dataum.info\/enfoque_territorial\/competitividad-territorial-con-enfoque-territorial\/\" target=\"_self\" rel=\"bookmark noopener noreferrer\"><img loading=\"lazy\" decoding=\"async\" width=\"300\" height=\"184\" src=\"https:\/\/dataum.info\/enfoque_territorial\/wp-content\/uploads\/2022\/02\/cultivos-1-C-300x184.jpg\" class=\"attachment-medium size-medium\" alt=\"\" srcset=\"https:\/\/dataum.info\/enfoque_territorial\/wp-content\/uploads\/2022\/02\/cultivos-1-C-300x184.jpg 300w, https:\/\/dataum.info\/enfoque_territorial\/wp-content\/uploads\/2022\/02\/cultivos-1-C.jpg 600w\" sizes=\"auto, (max-width: 300px) 100vw, 300px\" \/>\t\t\t\t<\/a>\n\t\t\t<\/div>\n\t\t\t\t\t\t<div class='uagb-post__text'> \n\t\t\t\t<h5 class=\"uagb-post__title\">\n\t\t\t\t\t<a href=\"https:\/\/dataum.info\/enfoque_territorial\/competitividad-territorial-con-enfoque-territorial\/\" target=\"_self\" rel=\"bookmark noopener noreferrer\">Competitividad territorial con enfoque territorial<\/a>\n\t\t\t\t<\/h5>\n\t\t\t<\/div>\n\t\t\t\t\t\t<div class='uagb-post__text'> \n\t\t\t<div class=\"uagb-post-grid-byline\">\n\t\t\t\t\t\t\t\t<span class=\"uagb-post__author\">\n\t\t\t\t\t<span class=\"dashicons-admin-users dashicons\"><\/span>\n\t\t\t\t\t<a href=\"https:\/\/dataum.info\/enfoque_territorial\/author\/admin\/\" title=\"Entradas de Rafael Echeverri Perico - Director cient\u00edfico DATAUM\" rel=\"author\">Rafael Echeverri Perico &#8211; Director cient\u00edfico DATAUM<\/a>\t\t\t\t<\/span>\n\t\t\t\t\t\t<\/div>\n\t\t\t<\/div>\n\t\t\t\t\t\t\t<div class='uagb-post__text'> \n\t\t\t\t\t<div class=\"uagb-post__excerpt\">\n\t\t\t\t\t\tEl enfoque territorial considera que la competitividad territorial debe incluir las rentas sociales, no \u00fanicamente las rentas privadas, Proterritorios, 2010\t\t\t\t\t<\/div>\n\t\t\t<\/div>\n\t\t\t\t\t\t\t\t<\/div>\n\t\t\t\t\t\t\t\t\t<\/article>\n\t\t\t\t\t\t\t\t<article >\n\t\t\t\t\t\t\t\t\t\t<div class=\"uagb-post__inner-wrap\">\n\t\t\t\t\t\t\t\t\t\t\t\t\t\t\t<div class='uagb-post__image'>\n\t\t\t\t<a href=\"https:\/\/dataum.info\/enfoque_territorial\/importancia-de-los-territorios-rurales\/\" target=\"_self\" rel=\"bookmark noopener noreferrer\"><img loading=\"lazy\" decoding=\"async\" width=\"300\" height=\"200\" src=\"https:\/\/dataum.info\/enfoque_territorial\/wp-content\/uploads\/2022\/02\/cultivo-3-C-300x200.jpg\" class=\"attachment-medium size-medium\" alt=\"\" srcset=\"https:\/\/dataum.info\/enfoque_territorial\/wp-content\/uploads\/2022\/02\/cultivo-3-C-300x200.jpg 300w, https:\/\/dataum.info\/enfoque_territorial\/wp-content\/uploads\/2022\/02\/cultivo-3-C.jpg 600w\" sizes=\"auto, (max-width: 300px) 100vw, 300px\" \/>\t\t\t\t<\/a>\n\t\t\t<\/div>\n\t\t\t\t\t\t<div class='uagb-post__text'> \n\t\t\t\t<h5 class=\"uagb-post__title\">\n\t\t\t\t\t<a href=\"https:\/\/dataum.info\/enfoque_territorial\/importancia-de-los-territorios-rurales\/\" target=\"_self\" rel=\"bookmark noopener noreferrer\">Importancia de los territorios rurales<\/a>\n\t\t\t\t<\/h5>\n\t\t\t<\/div>\n\t\t\t\t\t\t<div class='uagb-post__text'> \n\t\t\t<div class=\"uagb-post-grid-byline\">\n\t\t\t\t\t\t\t\t<span class=\"uagb-post__author\">\n\t\t\t\t\t<span class=\"dashicons-admin-users dashicons\"><\/span>\n\t\t\t\t\t<a href=\"https:\/\/dataum.info\/enfoque_territorial\/author\/admin\/\" title=\"Entradas de Rafael Echeverri Perico - Director cient\u00edfico DATAUM\" rel=\"author\">Rafael Echeverri Perico &#8211; Director cient\u00edfico DATAUM<\/a>\t\t\t\t<\/span>\n\t\t\t\t\t\t<\/div>\n\t\t\t<\/div>\n\t\t\t\t\t\t\t<div class='uagb-post__text'> \n\t\t\t\t\t<div class=\"uagb-post__excerpt\">\n\t\t\t\t\t\tFactores que determinan el peso y contribuci\u00f3n de los territorios rurales al desarrollo de la naci\u00f3n \/ Proterritorios, 2002\t\t\t\t\t<\/div>\n\t\t\t<\/div>\n\t\t\t\t\t\t\t\t<\/div>\n\t\t\t\t\t\t\t\t\t<\/article>\n\t\t\t\t\t\t\t\t<\/div>\n\t\t\t\t\t\t\t<\/div>\n\t\t\t\n\n\n<h3 class=\"has-ast-global-color-5-color has-ast-global-color-0-background-color has-text-color has-background wp-block-heading\" id=\"calidad-de-vida\">Cultura y territorio<\/h3>\n\n\n\n\t\t\t<div class=\"uagb-post-grid  uagb-post__image-position-top uagb-block-88427883    uagb-post__arrow-outside\" data-total=\"1\">\n\n\t\t\t\t<div class=\"uagb-post__items uagb-post__columns-4 is-carousel uagb-post__columns-tablet-2 uagb-post__columns-mobile-1\">\n\n\t\t\t\t\t\t\t\t<article >\n\t\t\t\t\t\t\t\t\t\t<div class=\"uagb-post__inner-wrap\">\n\t\t\t\t\t\t\t\t\t\t\t\t\t\t\t<div class='uagb-post__image'>\n\t\t\t\t<a href=\"https:\/\/dataum.info\/enfoque_territorial\/enfoque-territorial-aplicado-en-brasil-territorios-de-ciudadania\/\" target=\"_self\" rel=\"bookmark noopener noreferrer\"><img loading=\"lazy\" decoding=\"async\" width=\"300\" height=\"176\" src=\"https:\/\/dataum.info\/enfoque_territorial\/wp-content\/uploads\/2022\/02\/territorios-ciudadani\u0301a-C-300x176.jpg\" class=\"attachment-medium size-medium\" alt=\"\" srcset=\"https:\/\/dataum.info\/enfoque_territorial\/wp-content\/uploads\/2022\/02\/territorios-ciudadani\u0301a-C-300x176.jpg 300w, https:\/\/dataum.info\/enfoque_territorial\/wp-content\/uploads\/2022\/02\/territorios-ciudadani\u0301a-C.jpg 600w\" sizes=\"auto, (max-width: 300px) 100vw, 300px\" \/>\t\t\t\t<\/a>\n\t\t\t<\/div>\n\t\t\t\t\t\t<div class='uagb-post__text'> \n\t\t\t\t<h5 class=\"uagb-post__title\">\n\t\t\t\t\t<a href=\"https:\/\/dataum.info\/enfoque_territorial\/enfoque-territorial-aplicado-en-brasil-territorios-de-ciudadania\/\" target=\"_self\" rel=\"bookmark noopener noreferrer\">Enfoque territorial aplicado en Brasil: Territorios de Ciudadan\u00eda<\/a>\n\t\t\t\t<\/h5>\n\t\t\t<\/div>\n\t\t\t\t\t\t<div class='uagb-post__text'> \n\t\t\t<div class=\"uagb-post-grid-byline\">\n\t\t\t\t\t\t\t\t<span class=\"uagb-post__author\">\n\t\t\t\t\t<span class=\"dashicons-admin-users dashicons\"><\/span>\n\t\t\t\t\t<a href=\"https:\/\/dataum.info\/enfoque_territorial\/author\/admin\/\" title=\"Entradas de Rafael Echeverri Perico - Director cient\u00edfico DATAUM\" rel=\"author\">Rafael Echeverri Perico &#8211; Director cient\u00edfico DATAUM<\/a>\t\t\t\t<\/span>\n\t\t\t\t\t\t<\/div>\n\t\t\t<\/div>\n\t\t\t\t\t\t\t<div class='uagb-post__text'> \n\t\t\t\t\t<div class=\"uagb-post__excerpt\">\n\t\t\t\t\t\tEl desarrollo con enfoque territorial tiene un ejemplo s\u00f3lido en el Programa Territorios de Ciudadan\u00eda, como caso emblem\u00e1tico en Am\u00e9rica, Ministerio de Desenvolvimento Agrario de Brasil, IICA, 2010\t\t\t\t\t<\/div>\n\t\t\t<\/div>\n\t\t\t\t\t\t\t\t<\/div>\n\t\t\t\t\t\t\t\t\t<\/article>\n\t\t\t\t\t\t\t\t<article >\n\t\t\t\t\t\t\t\t\t\t<div class=\"uagb-post__inner-wrap\">\n\t\t\t\t\t\t\t\t\t\t\t\t\t\t\t<div class='uagb-post__image'>\n\t\t\t\t<a href=\"https:\/\/dataum.info\/enfoque_territorial\/el-enfoque-territorial-ofrece-una-vision-mas-amplia-de-lo-rural\/\" target=\"_self\" rel=\"bookmark noopener noreferrer\"><img loading=\"lazy\" decoding=\"async\" width=\"300\" height=\"200\" src=\"https:\/\/dataum.info\/enfoque_territorial\/wp-content\/uploads\/2022\/02\/nueva-ruralidad-C-300x200.png\" class=\"attachment-medium size-medium\" alt=\"\" srcset=\"https:\/\/dataum.info\/enfoque_territorial\/wp-content\/uploads\/2022\/02\/nueva-ruralidad-C-300x200.png 300w, https:\/\/dataum.info\/enfoque_territorial\/wp-content\/uploads\/2022\/02\/nueva-ruralidad-C.png 600w\" sizes=\"auto, (max-width: 300px) 100vw, 300px\" \/>\t\t\t\t<\/a>\n\t\t\t<\/div>\n\t\t\t\t\t\t<div class='uagb-post__text'> \n\t\t\t\t<h5 class=\"uagb-post__title\">\n\t\t\t\t\t<a href=\"https:\/\/dataum.info\/enfoque_territorial\/el-enfoque-territorial-ofrece-una-vision-mas-amplia-de-lo-rural\/\" target=\"_self\" rel=\"bookmark noopener noreferrer\">El enfoque territorial ofrece una visi\u00f3n m\u00e1s amplia de lo rural<\/a>\n\t\t\t\t<\/h5>\n\t\t\t<\/div>\n\t\t\t\t\t\t<div class='uagb-post__text'> \n\t\t\t<div class=\"uagb-post-grid-byline\">\n\t\t\t\t\t\t\t\t<span class=\"uagb-post__author\">\n\t\t\t\t\t<span class=\"dashicons-admin-users dashicons\"><\/span>\n\t\t\t\t\t<a href=\"https:\/\/dataum.info\/enfoque_territorial\/author\/admin\/\" title=\"Entradas de Rafael Echeverri Perico - Director cient\u00edfico DATAUM\" rel=\"author\">Rafael Echeverri Perico &#8211; Director cient\u00edfico DATAUM<\/a>\t\t\t\t<\/span>\n\t\t\t\t\t\t<\/div>\n\t\t\t<\/div>\n\t\t\t\t\t\t\t<div class='uagb-post__text'> \n\t\t\t\t\t<div class=\"uagb-post__excerpt\">\n\t\t\t\t\t\tLa nueva ruralidad abri\u00f3 el espacio para consolidar el enfoque territorial como una aproximaci\u00f3n m\u00e1s apropiada de abordar el desarrollo sostenible, IICA, Proterritorios, 2012\t\t\t\t\t<\/div>\n\t\t\t<\/div>\n\t\t\t\t\t\t\t\t<\/div>\n\t\t\t\t\t\t\t\t\t<\/article>\n\t\t\t\t\t\t\t\t<article >\n\t\t\t\t\t\t\t\t\t\t<div class=\"uagb-post__inner-wrap\">\n\t\t\t\t\t\t\t\t\t\t\t\t\t\t\t<div class='uagb-post__image'>\n\t\t\t\t<a href=\"https:\/\/dataum.info\/enfoque_territorial\/importancia-de-los-territorios-rurales\/\" target=\"_self\" rel=\"bookmark noopener noreferrer\"><img loading=\"lazy\" decoding=\"async\" width=\"300\" height=\"200\" src=\"https:\/\/dataum.info\/enfoque_territorial\/wp-content\/uploads\/2022\/02\/cultivo-3-C-300x200.jpg\" class=\"attachment-medium size-medium\" alt=\"\" srcset=\"https:\/\/dataum.info\/enfoque_territorial\/wp-content\/uploads\/2022\/02\/cultivo-3-C-300x200.jpg 300w, https:\/\/dataum.info\/enfoque_territorial\/wp-content\/uploads\/2022\/02\/cultivo-3-C.jpg 600w\" sizes=\"auto, (max-width: 300px) 100vw, 300px\" \/>\t\t\t\t<\/a>\n\t\t\t<\/div>\n\t\t\t\t\t\t<div class='uagb-post__text'> \n\t\t\t\t<h5 class=\"uagb-post__title\">\n\t\t\t\t\t<a href=\"https:\/\/dataum.info\/enfoque_territorial\/importancia-de-los-territorios-rurales\/\" target=\"_self\" rel=\"bookmark noopener noreferrer\">Importancia de los territorios rurales<\/a>\n\t\t\t\t<\/h5>\n\t\t\t<\/div>\n\t\t\t\t\t\t<div class='uagb-post__text'> \n\t\t\t<div class=\"uagb-post-grid-byline\">\n\t\t\t\t\t\t\t\t<span class=\"uagb-post__author\">\n\t\t\t\t\t<span class=\"dashicons-admin-users dashicons\"><\/span>\n\t\t\t\t\t<a href=\"https:\/\/dataum.info\/enfoque_territorial\/author\/admin\/\" title=\"Entradas de Rafael Echeverri Perico - Director cient\u00edfico DATAUM\" rel=\"author\">Rafael Echeverri Perico &#8211; Director cient\u00edfico DATAUM<\/a>\t\t\t\t<\/span>\n\t\t\t\t\t\t<\/div>\n\t\t\t<\/div>\n\t\t\t\t\t\t\t<div class='uagb-post__text'> \n\t\t\t\t\t<div class=\"uagb-post__excerpt\">\n\t\t\t\t\t\tFactores que determinan el peso y contribuci\u00f3n de los territorios rurales al desarrollo de la naci\u00f3n \/ Proterritorios, 2002\t\t\t\t\t<\/div>\n\t\t\t<\/div>\n\t\t\t\t\t\t\t\t<\/div>\n\t\t\t\t\t\t\t\t\t<\/article>\n\t\t\t\t\t\t\t\t<article >\n\t\t\t\t\t\t\t\t\t\t<div class=\"uagb-post__inner-wrap\">\n\t\t\t\t\t\t\t\t\t\t\t\t\t\t\t<div class='uagb-post__image'>\n\t\t\t\t<a href=\"https:\/\/dataum.info\/enfoque_territorial\/transicion\/\" target=\"_self\" rel=\"bookmark noopener noreferrer\"><img loading=\"lazy\" decoding=\"async\" width=\"300\" height=\"200\" src=\"https:\/\/dataum.info\/enfoque_territorial\/wp-content\/uploads\/2001\/02\/transicio\u0301n-2-1-300x200.jpg\" class=\"attachment-medium size-medium\" alt=\"\" srcset=\"https:\/\/dataum.info\/enfoque_territorial\/wp-content\/uploads\/2001\/02\/transicio\u0301n-2-1-300x200.jpg 300w, https:\/\/dataum.info\/enfoque_territorial\/wp-content\/uploads\/2001\/02\/transicio\u0301n-2-1.jpg 600w\" sizes=\"auto, (max-width: 300px) 100vw, 300px\" \/>\t\t\t\t<\/a>\n\t\t\t<\/div>\n\t\t\t\t\t\t<div class='uagb-post__text'> \n\t\t\t\t<h5 class=\"uagb-post__title\">\n\t\t\t\t\t<a href=\"https:\/\/dataum.info\/enfoque_territorial\/transicion\/\" target=\"_self\" rel=\"bookmark noopener noreferrer\">Transici\u00f3n y cambio<\/a>\n\t\t\t\t<\/h5>\n\t\t\t<\/div>\n\t\t\t\t\t\t<div class='uagb-post__text'> \n\t\t\t<div class=\"uagb-post-grid-byline\">\n\t\t\t\t\t\t\t\t<span class=\"uagb-post__author\">\n\t\t\t\t\t<span class=\"dashicons-admin-users dashicons\"><\/span>\n\t\t\t\t\t<a href=\"https:\/\/dataum.info\/enfoque_territorial\/author\/admin\/\" title=\"Entradas de Rafael Echeverri Perico - Director cient\u00edfico DATAUM\" rel=\"author\">Rafael Echeverri Perico &#8211; Director cient\u00edfico DATAUM<\/a>\t\t\t\t<\/span>\n\t\t\t\t\t\t<\/div>\n\t\t\t<\/div>\n\t\t\t\t\t\t\t<div class='uagb-post__text'> \n\t\t\t\t\t<div class=\"uagb-post__excerpt\">\n\t\t\t\t\t\tLa transici\u00f3n es el verdadero nombre del cambio \/ Misi\u00f3n la Pol\u00edtica en Colombia, ESAP, IICA, 2001\t\t\t\t\t<\/div>\n\t\t\t<\/div>\n\t\t\t\t\t\t\t\t<\/div>\n\t\t\t\t\t\t\t\t\t<\/article>\n\t\t\t\t\t\t\t\t<\/div>\n\t\t\t\t\t\t\t<\/div>\n\t\t\t","protected":false},"excerpt":{"rendered":"<p>&#8230; Este blog est\u00e1 centrado en los avances conceptuales e instrumentales sobre el enfoque territorial, en el marco del desarrollo sostenible y de las pol\u00edticas p\u00fablicas, con \u00e9nfasis en el desarrollo regional, territorial y rural. Cuenta con un conjunto de art\u00edculos preparados por los grupos t\u00e9cnicos de los socios de DATAUM, pero recoger\u00e1 contribuciones de &hellip;<\/p>\n<p class=\"read-more\"> <a class=\"\" href=\"https:\/\/dataum.info\/enfoque_territorial\/blog-2\/\"> <span class=\"screen-reader-text\">Sobre el enfoque territorial<\/span> Leer m\u00e1s &raquo;<\/a><\/p>\n","protected":false},"author":1,"featured_media":0,"parent":0,"menu_order":0,"comment_status":"closed","ping_status":"closed","template":"","meta":{"_coblocks_attr":"","_coblocks_dimensions":"","_coblocks_responsive_height":"","_coblocks_accordion_ie_support":"","site-sidebar-layout":"no-sidebar","site-content-layout":"default","ast-main-header-display":"disabled","ast-hfb-above-header-display":"disabled","ast-hfb-below-header-display":"disabled","ast-hfb-mobile-header-display":"disabled","site-post-title":"disabled","ast-breadcrumbs-content":"","ast-featured-img":"","footer-sml-layout":"disabled","theme-transparent-header-meta":"disabled","adv-header-id-meta":"","stick-header-meta":"","header-above-stick-meta":"","header-main-stick-meta":"","header-below-stick-meta":"","footnotes":""},"class_list":["post-876","page","type-page","status-publish","hentry"],"uagb_featured_image_src":{"full":false,"thumbnail":false,"medium":false,"medium_large":false,"large":false,"1536x1536":false,"2048x2048":false},"uagb_author_info":{"display_name":"Rafael Echeverri Perico - Director cient\u00edfico DATAUM","author_link":"https:\/\/dataum.info\/enfoque_territorial\/author\/admin\/"},"uagb_comment_info":0,"uagb_excerpt":"&#8230; Este blog est\u00e1 centrado en los avances conceptuales e instrumentales sobre el enfoque territorial, en el marco del desarrollo sostenible y de las pol\u00edticas p\u00fablicas, con \u00e9nfasis en el desarrollo regional, territorial y rural. Cuenta con un conjunto de art\u00edculos preparados por los grupos t\u00e9cnicos de los socios de DATAUM, pero recoger\u00e1 contribuciones de&hellip;","_links":{"self":[{"href":"https:\/\/dataum.info\/enfoque_territorial\/wp-json\/wp\/v2\/pages\/876","targetHints":{"allow":["GET"]}}],"collection":[{"href":"https:\/\/dataum.info\/enfoque_territorial\/wp-json\/wp\/v2\/pages"}],"about":[{"href":"https:\/\/dataum.info\/enfoque_territorial\/wp-json\/wp\/v2\/types\/page"}],"author":[{"embeddable":true,"href":"https:\/\/dataum.info\/enfoque_territorial\/wp-json\/wp\/v2\/users\/1"}],"replies":[{"embeddable":true,"href":"https:\/\/dataum.info\/enfoque_territorial\/wp-json\/wp\/v2\/comments?post=876"}],"version-history":[{"count":7,"href":"https:\/\/dataum.info\/enfoque_territorial\/wp-json\/wp\/v2\/pages\/876\/revisions"}],"predecessor-version":[{"id":894,"href":"https:\/\/dataum.info\/enfoque_territorial\/wp-json\/wp\/v2\/pages\/876\/revisions\/894"}],"wp:attachment":[{"href":"https:\/\/dataum.info\/enfoque_territorial\/wp-json\/wp\/v2\/media?parent=876"}],"curies":[{"name":"wp","href":"https:\/\/api.w.org\/{rel}","templated":true}]}}